{"id":1324,"date":"2018-06-07T08:48:42","date_gmt":"2018-06-07T07:48:42","guid":{"rendered":"https:\/\/www.masferranpals.com\/?page_id=1324"},"modified":"2024-01-02T23:54:09","modified_gmt":"2024-01-02T22:54:09","slug":"activites","status":"publish","type":"page","link":"https:\/\/www.masferranpals.com\/fr\/activites\/","title":{"rendered":"Activit\u00e9s &#8211; Cyclisme"},"content":{"rendered":"\n<style type=\"text\/css\" data-created_by=\"avia_inline_auto\" id=\"style-css-av-cctim-6bc23355add449a9ab9f1d61b3fc125f\">\n.flex_column.av-cctim-6bc23355add449a9ab9f1d61b3fc125f{\nborder-radius:0px 0px 0px 0px;\npadding:0px 0px 0px 0px;\n}\n<\/style>\n<div  class='flex_column av-cctim-6bc23355add449a9ab9f1d61b3fc125f av_one_full  avia-builder-el-0  el_before_av_two_third  avia-builder-el-first  first flex_column_div av-zero-column-padding  '     ><style type=\"text\/css\" data-created_by=\"avia_inline_auto\" id=\"style-css-av-ljfxhznj-197ad9976005f5cea9a1d6976c8d2b1a\">\n#top .av-special-heading.av-ljfxhznj-197ad9976005f5cea9a1d6976c8d2b1a{\npadding-bottom:5px;\n}\nbody .av-special-heading.av-ljfxhznj-197ad9976005f5cea9a1d6976c8d2b1a .av-special-heading-tag .heading-char{\nfont-size:25px;\n}\n.av-special-heading.av-ljfxhznj-197ad9976005f5cea9a1d6976c8d2b1a .av-subheading{\nfont-size:15px;\n}\n<\/style>\n<div  class='av-special-heading av-ljfxhznj-197ad9976005f5cea9a1d6976c8d2b1a av-special-heading-h1  avia-builder-el-1  avia-builder-el-no-sibling '><h1 class='av-special-heading-tag '  itemprop=\"headline\"  >activit\u00e9s sportives et de loisirs<\/h1><div class=\"special-heading-border\"><div class=\"special-heading-inner-border\"><\/div><\/div><\/div><\/div>\n<style type=\"text\/css\" data-created_by=\"avia_inline_auto\" id=\"style-css-av-1qp42-dd2f184ed8b74bf9d1baeb6ae2f44109\">\n.flex_column.av-1qp42-dd2f184ed8b74bf9d1baeb6ae2f44109{\nborder-radius:0px 0px 0px 0px;\npadding:0px 0px 0px 0px;\n}\n<\/style>\n<div  class='flex_column av-1qp42-dd2f184ed8b74bf9d1baeb6ae2f44109 av_two_third  avia-builder-el-2  el_after_av_one_full  el_before_av_one_third  first flex_column_div av-zero-column-padding  column-top-margin'     ><section  class='av_textblock_section av-asgcm-90f7fc53c1727e0ec304c8a74233f53d '   itemscope=\"itemscope\" itemtype=\"https:\/\/schema.org\/CreativeWork\" ><div class='avia_textblock'  itemprop=\"text\" ><ul style=\"text-align: left;\">\n<li>Itin\u00e9raires <strong>de randonn\u00e9e<\/strong> , de marche et\/ou de v\u00e9lo \u00e0 travers Pals et ses environs <a href=\"http:\/\/www.visitpals.com\" target=\"_blank\" rel=\"noopener\">http:\/\/www.visitpals.com<\/a><\/li>\n<li><strong>Location de v\u00e9los,<\/strong> location de GPS avec itin\u00e9raires balis\u00e9s, service de guide et pr\u00e9paration d&rsquo;itin\u00e9raires personnalis\u00e9s&#8230; <strong><em>voir \u00e0 c\u00f4t\u00e9 de la rubrique V\u00c9LO<\/em> \u2192\u2192 <\/strong><\/li>\n<li><strong>yoga<\/strong> S\u00e9ances priv\u00e9es ou de groupe (Consultez les horaires et les prix).<\/li>\n<li><strong>massages<\/strong> Cr\u00e2nien, relaxant, sportif&#8230; (V\u00e9rifier disponibilit\u00e9).<\/li>\n<li><strong>Rizi\u00e8res de Pals<\/strong> <a href=\"http:\/\/www.visitpals.com\" target=\"_blank\" rel=\"noopener\">http:\/\/www.visitpals.com<\/a><\/li>\n<li>Observation de la faune et de la flore.<\/li>\n<li><strong>Golf,<\/strong> <em>Empord\u00e0 Golf Club, Golf de Pals, Par3 pitch &amp; putt Gualta&#8230;<\/em><\/li>\n<li>\u00c9quitation <a href=\"http:\/\/www.hipicamaspaguina.com\" target=\"_blank\" rel=\"noopener\">http:\/\/www.hipicamaspaguina.com<\/a><\/li>\n<li><strong>Camins de Ronda<\/strong> le long de la Costa Brava<\/li>\n<li><strong>Ch\u00e2teau du Montgr\u00ed<\/strong> , Parc naturel Mass\u00eds del Montgr\u00ed <a href=\"https:\/\/www.femturisme.cat\/ca\/rutes\/ruta-del-castell-del-montgri\" target=\"_blank\" rel=\"noopener\">https:\/\/www.femturisme.cat\/ca\/rutes\/ruta-del-castell-del-montgri<\/a><\/li>\n<li><strong>\u00celes Medes<\/strong> . Activit\u00e9s sous-marines, snorkeling&#8230;<\/li>\n<li>Toutes sortes d&rsquo; <strong>activit\u00e9s nautiques<\/strong> \u00e0 Platja de Pals, L&rsquo;Estartit, L&rsquo;Escala&#8230;<\/li>\n<li>Planche \u00e0 voile et kitesurf \u00e0 Mas Pinell, l&rsquo;Estartit, Sant Pere Pescador&#8230;<\/li>\n<li><strong>Excursions guid\u00e9es en kayak le long de la rivi\u00e8re Ter<\/strong> <a href=\"http:\/\/www.kayakdelter.com\" target=\"_blank\" rel=\"noopener\">http:\/\/www.kayakdelter.com<\/a><\/li>\n<li><strong>Aiguamolls de l&rsquo;Empord\u00e0<\/strong> , Parc Naturel <a href=\"http:\/\/www.aiguamollsdelemporda.cat\" target=\"_blank\" rel=\"noopener\">http:\/\/www.iguamollsdelemporda.cat<\/a><\/li>\n<li>Parachutisme, Empuriabrava<\/li>\n<li><strong>Soufflerie<\/strong> , Empuriabrava<\/li>\n<li>Balade en montgolfi\u00e8re <a href=\"http:\/\/www.caminsdevent.com\" target=\"_blank\" rel=\"noopener\">http:\/\/www.caminsdevent.com<\/a><\/li>\n<\/ul>\n<\/div><\/section><\/div><\/p>\n\n<style type=\"text\/css\" data-created_by=\"avia_inline_auto\" id=\"style-css-av-qj12-2f81ef96171b8e1f27e1205f17309016\">\n.flex_column.av-qj12-2f81ef96171b8e1f27e1205f17309016{\nborder-radius:0px 0px 0px 0px;\npadding:0px 0px 0px 0px;\n}\n<\/style>\n<div  class='flex_column av-qj12-2f81ef96171b8e1f27e1205f17309016 av_one_third  avia-builder-el-4  el_after_av_two_third  el_before_av_one_full  flex_column_div av-zero-column-padding  column-top-margin'     ><p>\n<style type=\"text\/css\" data-created_by=\"avia_inline_auto\" id=\"style-css-av-k9x3mgyk-c10ec594507ad126073e722abcc2bd12\">\n#top .hr.hr-invisible.av-k9x3mgyk-c10ec594507ad126073e722abcc2bd12{\nheight:30px;\n}\n<\/style>\n<div  class='hr av-k9x3mgyk-c10ec594507ad126073e722abcc2bd12 hr-invisible  avia-builder-el-5  el_before_av_icon_box  avia-builder-el-first '><span class='hr-inner '><span class=\"hr-inner-style\"><\/span><\/span><\/div><br \/>\n<article  class='iconbox iconbox_top av-jrrx9ilq-ada4722b93263d3408665a0dc61766d0  avia-builder-el-6  el_after_av_hr  el_before_av_hr  main_color'  itemscope=\"itemscope\" itemtype=\"https:\/\/schema.org\/CreativeWork\" ><div class=\"iconbox_content\"><header class=\"entry-content-header\" aria-label=\"Ic\u00f4ne : V\u00e9lo\"><a href='https:\/\/www.masferranpals.com\/activitats\/ciclisme\/' title='V\u00e9lo' aria-label='V\u00e9lo'  class='iconbox_icon heading-color avia-iconfont avia-font-bicycle' data-av_icon='\uf206' data-av_iconfont='bicycle' title=\"V\u00e9lo\" desc=\"V\u00e9lo\" ><\/a><h3 class='iconbox_content_title '  itemprop=\"headline\" ><a href='https:\/\/www.masferranpals.com\/activitats\/ciclisme\/' title='V\u00e9lo' >V\u00e9lo<\/a><\/h3><\/header><div class='iconbox_content_container '  itemprop=\"text\" ><p>D\u00e9couvrez le r\u00e9seau de routes secondaires sans circulation. V\u00e9lo de randonn\u00e9e, VTT, gravel et route.<\/p>\n<p><a href=\"https:\/\/www.masferranpals.com\/ca\/ciclisme\/\">D\u00e9couvrez l&rsquo;Empord\u00e0 \u00e0 v\u00e9lo !<\/a><\/p>\n<\/div><\/div><footer class=\"entry-footer\"><\/footer><\/article><br \/>\n\n<style type=\"text\/css\" data-created_by=\"avia_inline_auto\" id=\"style-css-av-jrrwojkj-abd47819b20e77152ed41a02fb5a1a44\">\n#top .hr.hr-invisible.av-jrrwojkj-abd47819b20e77152ed41a02fb5a1a44{\nheight:35px;\n}\n<\/style>\n<div  class='hr av-jrrwojkj-abd47819b20e77152ed41a02fb5a1a44 hr-invisible  avia-builder-el-7  el_after_av_icon_box  el_before_av_hr '><span class='hr-inner '><span class=\"hr-inner-style\"><\/span><\/span><\/div><br \/>\n\n<style type=\"text\/css\" data-created_by=\"avia_inline_auto\" id=\"style-css-av-jrrwojkj-abd47819b20e77152ed41a02fb5a1a44\">\n#top .hr.hr-invisible.av-jrrwojkj-abd47819b20e77152ed41a02fb5a1a44{\nheight:35px;\n}\n<\/style>\n<div  class='hr av-jrrwojkj-abd47819b20e77152ed41a02fb5a1a44 hr-invisible  avia-builder-el-8  el_after_av_hr  el_before_av_hr '><span class='hr-inner '><span class=\"hr-inner-style\"><\/span><\/span><\/div><br \/>\n\n<style type=\"text\/css\" data-created_by=\"avia_inline_auto\" id=\"style-css-av-jrrwojkj-abd47819b20e77152ed41a02fb5a1a44\">\n#top .hr.hr-invisible.av-jrrwojkj-abd47819b20e77152ed41a02fb5a1a44{\nheight:35px;\n}\n<\/style>\n<div  class='hr av-jrrwojkj-abd47819b20e77152ed41a02fb5a1a44 hr-invisible  avia-builder-el-9  el_after_av_hr  el_before_av_video '><span class='hr-inner '><span class=\"hr-inner-style\"><\/span><\/span><\/div><br \/>\n<div  class='avia-video av-4a9y-a91d980411f2dcacd510f28bc18be5c6 avia-video-16-9 av-no-preview-image avia-video-load-always av-lazyload-immediate av-lazyload-video-embed'  itemprop=\"video\" itemtype=\"https:\/\/schema.org\/VideoObject\"  data-original_url='https:\/\/player.vimeo.com\/video\/189134509'><script type='text\/html' class='av-video-tmpl'><div class='avia-iframe-wrap'><iframe loading=\"lazy\" src=\"https:\/\/player.vimeo.com\/video\/189134509?app_id=122963&autoplay=0&loop=0&controls=1&muted=0\" width=\"1500\" height=\"633\" frameborder=\"0\" title=\"M\u0101sFerran, Horse Riding\" allow=\"autoplay; fullscreen\" allowfullscreen><\/iframe><\/div><\/script><div class='av-click-to-play-overlay'><div class=\"avia_playpause_icon\"><\/div><\/div><\/div><\/p><\/div>\n\n<style type=\"text\/css\" data-created_by=\"avia_inline_auto\" id=\"style-css-av-cctim-6bc23355add449a9ab9f1d61b3fc125f\">\n.flex_column.av-cctim-6bc23355add449a9ab9f1d61b3fc125f{\nborder-radius:0px 0px 0px 0px;\npadding:0px 0px 0px 0px;\n}\n<\/style>\n<div  class='flex_column av-cctim-6bc23355add449a9ab9f1d61b3fc125f av_one_full  avia-builder-el-11  el_after_av_one_third  el_before_av_hr  first flex_column_div av-zero-column-padding  column-top-margin'     ><style type=\"text\/css\" data-created_by=\"avia_inline_auto\" id=\"style-css-av-agcgy-bd6deebb610d7535e57c13058067be11\">\n#top .avia-gallery.av-agcgy-bd6deebb610d7535e57c13058067be11 .avia-gallery-thumb a{\nwidth:10%;\n}\n<\/style>\n<div  class='avia-gallery av-agcgy-bd6deebb610d7535e57c13058067be11 avia_animate_when_visible  avia-builder-el-12  avia-builder-el-no-sibling  deactivate_avia_lazyload avia-gallery-animate avia-gallery-1'  itemprop=\"image\" itemscope=\"itemscope\" itemtype=\"https:\/\/schema.org\/ImageObject\" ><meta itemprop=\"contentURL\" content=\"https:\/\/www.masferranpals.com\/fr\/activites\/\"><div class='avia-gallery-thumb'><a href=\"https:\/\/www.masferranpals.com\/wp-content\/uploads\/2018\/05\/DSCF8329-1030x773.jpg\" data-srcset=\"https:\/\/www.masferranpals.com\/wp-content\/uploads\/2018\/05\/DSCF8329-1030x773.jpg 1030w, https:\/\/www.masferranpals.com\/wp-content\/uploads\/2018\/05\/DSCF8329-300x225.jpg 300w, https:\/\/www.masferranpals.com\/wp-content\/uploads\/2018\/05\/DSCF8329-768x576.jpg 768w, https:\/\/www.masferranpals.com\/wp-content\/uploads\/2018\/05\/DSCF8329.jpg 1500w, https:\/\/www.masferranpals.com\/wp-content\/uploads\/2018\/05\/DSCF8329-705x529.jpg 705w, https:\/\/www.masferranpals.com\/wp-content\/uploads\/2018\/05\/DSCF8329-450x338.jpg 450w\" data-sizes=\"(max-width: 1030px) 100vw, 1030px\" data-rel='gallery-1' data-prev-img='https:\/\/www.masferranpals.com\/wp-content\/uploads\/2018\/05\/DSCF8329-495x400.jpg' class='first_thumb lightbox ' data-onclick='1' title='Arrossars de Pals'  itemprop=\"thumbnailUrl\"  ><img decoding=\"async\" fetchpriority=\"high\" class=\"wp-image-6536 avia-img-lazy-loading-not-6536\"  data-avia-tooltip='Arrossars de Pals' src=\"https:\/\/www.masferranpals.com\/wp-content\/uploads\/2018\/05\/DSCF8329-260x185.jpg\" width=\"260\" height=\"185\"  title='Arrossars de Pals' alt='' \/><div class='big-prev-fake'><img decoding=\"async\" loading=\"lazy\" class=\"wp-image-6536 avia-img-lazy-loading-6536\"  width=\"495\" height=\"400\" src=\"https:\/\/www.masferranpals.com\/wp-content\/uploads\/2018\/05\/DSCF8329-495x400.jpg\" title='Arrossars de Pals' alt='' srcset=\"https:\/\/www.masferranpals.com\/wp-content\/uploads\/2018\/05\/DSCF8329-495x400.jpg 495w, https:\/\/www.masferranpals.com\/wp-content\/uploads\/2018\/05\/DSCF8329-845x684.jpg 845w\" sizes=\"auto, (max-width: 495px) 100vw, 495px\" \/><\/div><\/a><a href=\"https:\/\/www.masferranpals.com\/wp-content\/uploads\/2018\/05\/senderisme576.jpg\" data-srcset=\"https:\/\/www.masferranpals.com\/wp-content\/uploads\/2018\/05\/senderisme576.jpg 500w, https:\/\/www.masferranpals.com\/wp-content\/uploads\/2018\/05\/senderisme576-300x264.jpg 300w, https:\/\/www.masferranpals.com\/wp-content\/uploads\/2018\/05\/senderisme576-450x396.jpg 450w\" data-sizes=\"(max-width: 500px) 100vw, 500px\" data-rel='gallery-1' data-prev-img='https:\/\/www.masferranpals.com\/wp-content\/uploads\/2018\/05\/senderisme576-495x400.jpg' class='lightbox ' data-onclick='2' title='Ruta arrossars de Pals'  itemprop=\"thumbnailUrl\"  ><img decoding=\"async\" fetchpriority=\"high\" class=\"wp-image-4193 avia-img-lazy-loading-not-4193\"  data-avia-tooltip='Ruta arrossars de Pals' src=\"https:\/\/www.masferranpals.com\/wp-content\/uploads\/2018\/05\/senderisme576-260x185.jpg\" width=\"260\" height=\"185\"  title='Ruta arrossars de Pals' alt='' \/><div class='big-prev-fake'><img decoding=\"async\" loading=\"lazy\" class=\"wp-image-4193 avia-img-lazy-loading-4193\"  width=\"495\" height=\"400\" src=\"https:\/\/www.masferranpals.com\/wp-content\/uploads\/2018\/05\/senderisme576-495x400.jpg\" title='Ruta arrossars de Pals' alt='' \/><\/div><\/a><a href=\"https:\/\/www.masferranpals.com\/wp-content\/uploads\/2018\/05\/pitchputt-3.jpg\" data-srcset=\"https:\/\/www.masferranpals.com\/wp-content\/uploads\/2018\/05\/pitchputt-3.jpg 618w, https:\/\/www.masferranpals.com\/wp-content\/uploads\/2018\/05\/pitchputt-3-300x194.jpg 300w, https:\/\/www.masferranpals.com\/wp-content\/uploads\/2018\/05\/pitchputt-3-450x291.jpg 450w\" data-sizes=\"(max-width: 618px) 100vw, 618px\" data-rel='gallery-1' data-prev-img='https:\/\/www.masferranpals.com\/wp-content\/uploads\/2018\/05\/pitchputt-3-495x400.jpg' class='lightbox ' data-onclick='3' title='Golf'  itemprop=\"thumbnailUrl\"  ><img decoding=\"async\" fetchpriority=\"high\" class=\"wp-image-6545 avia-img-lazy-loading-not-6545\"  data-avia-tooltip='Golf' src=\"https:\/\/www.masferranpals.com\/wp-content\/uploads\/2018\/05\/pitchputt-3-260x185.jpg\" width=\"260\" height=\"185\"  title='Golf' alt='' \/><div class='big-prev-fake'><img decoding=\"async\" loading=\"lazy\" class=\"wp-image-6545 avia-img-lazy-loading-6545\"  width=\"495\" height=\"400\" src=\"https:\/\/www.masferranpals.com\/wp-content\/uploads\/2018\/05\/pitchputt-3-495x400.jpg\" title='Golf' alt='' \/><\/div><\/a><a href=\"https:\/\/www.masferranpals.com\/wp-content\/uploads\/2020\/04\/Illa-Roja-2.jpg\" data-srcset=\"https:\/\/www.masferranpals.com\/wp-content\/uploads\/2020\/04\/Illa-Roja-2.jpg 750w, https:\/\/www.masferranpals.com\/wp-content\/uploads\/2020\/04\/Illa-Roja-2-300x169.jpg 300w, https:\/\/www.masferranpals.com\/wp-content\/uploads\/2020\/04\/Illa-Roja-2-705x397.jpg 705w\" data-sizes=\"(max-width: 750px) 100vw, 750px\" data-rel='gallery-1' data-prev-img='https:\/\/www.masferranpals.com\/wp-content\/uploads\/2020\/04\/Illa-Roja-2-495x400.jpg' class='lightbox ' data-onclick='4' title='Illa Roja 2'  itemprop=\"thumbnailUrl\"  ><img decoding=\"async\" fetchpriority=\"high\" class=\"wp-image-4826 avia-img-lazy-loading-not-4826\"  data-avia-tooltip='Illa Roja 2' src=\"https:\/\/www.masferranpals.com\/wp-content\/uploads\/2020\/04\/Illa-Roja-2-260x185.jpg\" width=\"260\" height=\"185\"  title='Illa Roja 2' alt='Illa Roja 2' \/><div class='big-prev-fake'><img decoding=\"async\" loading=\"lazy\" class=\"wp-image-4826 avia-img-lazy-loading-4826\"  width=\"495\" height=\"400\" src=\"https:\/\/www.masferranpals.com\/wp-content\/uploads\/2020\/04\/Illa-Roja-2-495x400.jpg\" title='Illa Roja 2' alt='Illa Roja 2' \/><\/div><\/a><a href=\"https:\/\/www.masferranpals.com\/wp-content\/uploads\/2018\/05\/senderisme458.gif\" data-rel='gallery-1' data-prev-img='https:\/\/www.masferranpals.com\/wp-content\/uploads\/2018\/05\/senderisme458-495x400.gif' class='lightbox ' data-onclick='5' title='Ruta GR92 Palau Sator-Tamariu'  itemprop=\"thumbnailUrl\"  ><img decoding=\"async\" fetchpriority=\"high\" class=\"wp-image-6530 avia-img-lazy-loading-not-6530\"  data-avia-tooltip='Ruta GR92 Palau Sator-Tamariu' src=\"https:\/\/www.masferranpals.com\/wp-content\/uploads\/2018\/05\/senderisme458-260x185.gif\" width=\"260\" height=\"185\"  title='Ruta GR92 Palau Sator-Tamariu' alt='' \/><div class='big-prev-fake'><img decoding=\"async\" loading=\"lazy\" class=\"wp-image-6530 avia-img-lazy-loading-6530\"  width=\"495\" height=\"400\" src=\"https:\/\/www.masferranpals.com\/wp-content\/uploads\/2018\/05\/senderisme458-495x400.gif\" title='Ruta GR92 Palau Sator-Tamariu' alt='' \/><\/div><\/a><a href=\"https:\/\/www.masferranpals.com\/wp-content\/uploads\/2020\/05\/vol-globus-premium_opt.jpg\" data-srcset=\"https:\/\/www.masferranpals.com\/wp-content\/uploads\/2020\/05\/vol-globus-premium_opt.jpg 400w, https:\/\/www.masferranpals.com\/wp-content\/uploads\/2020\/05\/vol-globus-premium_opt-300x225.jpg 300w\" data-sizes=\"(max-width: 400px) 100vw, 400px\" data-rel='gallery-1' data-prev-img='https:\/\/www.masferranpals.com\/wp-content\/uploads\/2020\/05\/vol-globus-premium_opt.jpg' class='lightbox ' data-onclick='6' title='Globus'  itemprop=\"thumbnailUrl\"  ><img decoding=\"async\" fetchpriority=\"high\" class=\"wp-image-6923 avia-img-lazy-loading-not-6923\"  data-avia-tooltip='Globus' src=\"https:\/\/www.masferranpals.com\/wp-content\/uploads\/2020\/05\/vol-globus-premium_opt-260x185.jpg\" width=\"260\" height=\"185\"  title='Globus' alt='' \/><div class='big-prev-fake'><img decoding=\"async\" loading=\"lazy\" class=\"wp-image-6923 avia-img-lazy-loading-6923\"  width=\"400\" height=\"300\" src=\"https:\/\/www.masferranpals.com\/wp-content\/uploads\/2020\/05\/vol-globus-premium_opt.jpg\" title='Globus' alt='' srcset=\"https:\/\/www.masferranpals.com\/wp-content\/uploads\/2020\/05\/vol-globus-premium_opt.jpg 400w, https:\/\/www.masferranpals.com\/wp-content\/uploads\/2020\/05\/vol-globus-premium_opt-300x225.jpg 300w\" sizes=\"auto, (max-width: 400px) 100vw, 400px\" \/><\/div><\/a><a href=\"https:\/\/www.masferranpals.com\/wp-content\/uploads\/2020\/05\/big-portada13222.jpg\" data-srcset=\"https:\/\/www.masferranpals.com\/wp-content\/uploads\/2020\/05\/big-portada13222.jpg 960w, https:\/\/www.masferranpals.com\/wp-content\/uploads\/2020\/05\/big-portada13222-300x169.jpg 300w, https:\/\/www.masferranpals.com\/wp-content\/uploads\/2020\/05\/big-portada13222-768x434.jpg 768w, https:\/\/www.masferranpals.com\/wp-content\/uploads\/2020\/05\/big-portada13222-705x398.jpg 705w\" data-sizes=\"(max-width: 960px) 100vw, 960px\" data-rel='gallery-1' data-prev-img='https:\/\/www.masferranpals.com\/wp-content\/uploads\/2020\/05\/big-portada13222-495x400.jpg' class='lightbox ' data-onclick='7' title='Paracaigudes'  itemprop=\"thumbnailUrl\"  ><img decoding=\"async\" fetchpriority=\"high\" class=\"wp-image-6943 avia-img-lazy-loading-not-6943\"  data-avia-tooltip='Paracaigudes' src=\"https:\/\/www.masferranpals.com\/wp-content\/uploads\/2020\/05\/big-portada13222-260x185.jpg\" width=\"260\" height=\"185\"  title='big-portada13222' alt='' \/><div class='big-prev-fake'><img decoding=\"async\" loading=\"lazy\" class=\"wp-image-6943 avia-img-lazy-loading-6943\"  width=\"495\" height=\"400\" src=\"https:\/\/www.masferranpals.com\/wp-content\/uploads\/2020\/05\/big-portada13222-495x400.jpg\" title='big-portada13222' alt='' \/><\/div><\/a><a href=\"https:\/\/www.masferranpals.com\/wp-content\/uploads\/2018\/05\/11-04-El-Far-llafranc2-1.jpg\" data-srcset=\"https:\/\/www.masferranpals.com\/wp-content\/uploads\/2018\/05\/11-04-El-Far-llafranc2-1.jpg 606w, https:\/\/www.masferranpals.com\/wp-content\/uploads\/2018\/05\/11-04-El-Far-llafranc2-1-300x213.jpg 300w, https:\/\/www.masferranpals.com\/wp-content\/uploads\/2018\/05\/11-04-El-Far-llafranc2-1-260x185.jpg 260w, https:\/\/www.masferranpals.com\/wp-content\/uploads\/2018\/05\/11-04-El-Far-llafranc2-1-450x319.jpg 450w\" data-sizes=\"(max-width: 606px) 100vw, 606px\" data-rel='gallery-1' data-prev-img='https:\/\/www.masferranpals.com\/wp-content\/uploads\/2018\/05\/11-04-El-Far-llafranc2-1-495x400.jpg' class='lightbox ' data-onclick='8' title='Far Llafranc'  itemprop=\"thumbnailUrl\"  ><img decoding=\"async\" fetchpriority=\"high\" class=\"wp-image-4133 avia-img-lazy-loading-not-4133\"  data-avia-tooltip='Far Llafranc' src=\"https:\/\/www.masferranpals.com\/wp-content\/uploads\/2018\/05\/11-04-El-Far-llafranc2-1-260x185.jpg\" width=\"260\" height=\"185\"  title='Far Llafranc' alt='' srcset=\"https:\/\/www.masferranpals.com\/wp-content\/uploads\/2018\/05\/11-04-El-Far-llafranc2-1-260x185.jpg 260w, https:\/\/www.masferranpals.com\/wp-content\/uploads\/2018\/05\/11-04-El-Far-llafranc2-1-300x213.jpg 300w, https:\/\/www.masferranpals.com\/wp-content\/uploads\/2018\/05\/11-04-El-Far-llafranc2-1.jpg 606w, https:\/\/www.masferranpals.com\/wp-content\/uploads\/2018\/05\/11-04-El-Far-llafranc2-1-450x319.jpg 450w\" sizes=\"(max-width: 260px) 100vw, 260px\" \/><div class='big-prev-fake'><img decoding=\"async\" loading=\"lazy\" class=\"wp-image-4133 avia-img-lazy-loading-4133\"  width=\"495\" height=\"400\" src=\"https:\/\/www.masferranpals.com\/wp-content\/uploads\/2018\/05\/11-04-El-Far-llafranc2-1-495x400.jpg\" title='Far Llafranc' alt='' \/><\/div><\/a><a href=\"https:\/\/www.masferranpals.com\/wp-content\/uploads\/2018\/05\/Castell_de_Montgr\u00ed_Torroella_de_Montgr\u00ed_-_3-1030x676.jpg\" data-srcset=\"https:\/\/www.masferranpals.com\/wp-content\/uploads\/2018\/05\/Castell_de_Montgr\u00ed_Torroella_de_Montgr\u00ed_-_3-1030x676.jpg 1030w, https:\/\/www.masferranpals.com\/wp-content\/uploads\/2018\/05\/Castell_de_Montgr\u00ed_Torroella_de_Montgr\u00ed_-_3-300x197.jpg 300w, https:\/\/www.masferranpals.com\/wp-content\/uploads\/2018\/05\/Castell_de_Montgr\u00ed_Torroella_de_Montgr\u00ed_-_3-768x504.jpg 768w, https:\/\/www.masferranpals.com\/wp-content\/uploads\/2018\/05\/Castell_de_Montgr\u00ed_Torroella_de_Montgr\u00ed_-_3-705x462.jpg 705w, https:\/\/www.masferranpals.com\/wp-content\/uploads\/2018\/05\/Castell_de_Montgr\u00ed_Torroella_de_Montgr\u00ed_-_3-450x295.jpg 450w, https:\/\/www.masferranpals.com\/wp-content\/uploads\/2018\/05\/Castell_de_Montgr\u00ed_Torroella_de_Montgr\u00ed_-_3.jpg 1296w\" data-sizes=\"(max-width: 1030px) 100vw, 1030px\" data-rel='gallery-1' data-prev-img='https:\/\/www.masferranpals.com\/wp-content\/uploads\/2018\/05\/Castell_de_Montgr\u00ed_Torroella_de_Montgr\u00ed_-_3-495x400.jpg' class='lightbox ' data-onclick='9' title='Castell del Montgr\u00ed'  itemprop=\"thumbnailUrl\"  ><img decoding=\"async\" fetchpriority=\"high\" class=\"wp-image-6533 avia-img-lazy-loading-not-6533\"  data-avia-tooltip='Castell del Montgr\u00ed' src=\"https:\/\/www.masferranpals.com\/wp-content\/uploads\/2018\/05\/Castell_de_Montgr\u00ed_Torroella_de_Montgr\u00ed_-_3-260x185.jpg\" width=\"260\" height=\"185\"  title='Castell del Montgr\u00ed' alt='' \/><div class='big-prev-fake'><img decoding=\"async\" loading=\"lazy\" class=\"wp-image-6533 avia-img-lazy-loading-6533\"  width=\"495\" height=\"400\" src=\"https:\/\/www.masferranpals.com\/wp-content\/uploads\/2018\/05\/Castell_de_Montgr\u00ed_Torroella_de_Montgr\u00ed_-_3-495x400.jpg\" title='Castell del Montgr\u00ed' alt='' srcset=\"https:\/\/www.masferranpals.com\/wp-content\/uploads\/2018\/05\/Castell_de_Montgr\u00ed_Torroella_de_Montgr\u00ed_-_3-495x400.jpg 495w, https:\/\/www.masferranpals.com\/wp-content\/uploads\/2018\/05\/Castell_de_Montgr\u00ed_Torroella_de_Montgr\u00ed_-_3-845x684.jpg 845w\" sizes=\"auto, (max-width: 495px) 100vw, 495px\" \/><\/div><\/a><a href=\"https:\/\/www.masferranpals.com\/wp-content\/uploads\/2018\/05\/Foto-de-encabezado-Cam\u00ed-de-Ronda.jpg\" data-srcset=\"https:\/\/www.masferranpals.com\/wp-content\/uploads\/2018\/05\/Foto-de-encabezado-Cam\u00ed-de-Ronda.jpg 704w, https:\/\/www.masferranpals.com\/wp-content\/uploads\/2018\/05\/Foto-de-encabezado-Cam\u00ed-de-Ronda-300x170.jpg 300w, https:\/\/www.masferranpals.com\/wp-content\/uploads\/2018\/05\/Foto-de-encabezado-Cam\u00ed-de-Ronda-450x256.jpg 450w\" data-sizes=\"(max-width: 704px) 100vw, 704px\" data-rel='gallery-1' data-prev-img='https:\/\/www.masferranpals.com\/wp-content\/uploads\/2018\/05\/Foto-de-encabezado-Cam\u00ed-de-Ronda-495x400.jpg' class='lightbox ' data-onclick='10' title='Camins de Ronda'  itemprop=\"thumbnailUrl\"  ><img decoding=\"async\" fetchpriority=\"high\" class=\"wp-image-6539 avia-img-lazy-loading-not-6539\"  data-avia-tooltip='Camins de Ronda' src=\"https:\/\/www.masferranpals.com\/wp-content\/uploads\/2018\/05\/Foto-de-encabezado-Cam\u00ed-de-Ronda-260x185.jpg\" width=\"260\" height=\"185\"  title='Camins de Ronda' alt='' \/><div class='big-prev-fake'><img decoding=\"async\" loading=\"lazy\" class=\"wp-image-6539 avia-img-lazy-loading-6539\"  width=\"495\" height=\"400\" src=\"https:\/\/www.masferranpals.com\/wp-content\/uploads\/2018\/05\/Foto-de-encabezado-Cam\u00ed-de-Ronda-495x400.jpg\" title='Camins de Ronda' alt='' \/><\/div><\/a><\/div><\/div><\/div>\n\n<style type=\"text\/css\" data-created_by=\"avia_inline_auto\" id=\"style-css-av-k9yqcgvn-9199c7593ef4440c7118f9bb6e8b92ac\">\n#top .hr.hr-invisible.av-k9yqcgvn-9199c7593ef4440c7118f9bb6e8b92ac{\nheight:55px;\n}\n<\/style>\n<div  class='hr av-k9yqcgvn-9199c7593ef4440c7118f9bb6e8b92ac hr-invisible  avia-builder-el-13  el_after_av_one_full  el_before_av_one_full '><span class='hr-inner '><span class=\"hr-inner-style\"><\/span><\/span><\/div>\n\n<style type=\"text\/css\" data-created_by=\"avia_inline_auto\" id=\"style-css-av-cctim-6bc23355add449a9ab9f1d61b3fc125f\">\n.flex_column.av-cctim-6bc23355add449a9ab9f1d61b3fc125f{\nborder-radius:0px 0px 0px 0px;\npadding:0px 0px 0px 0px;\n}\n<\/style>\n<div  class='flex_column av-cctim-6bc23355add449a9ab9f1d61b3fc125f av_one_full  avia-builder-el-14  el_after_av_hr  el_before_av_two_third  first flex_column_div av-zero-column-padding  '     ><style type=\"text\/css\" data-created_by=\"avia_inline_auto\" id=\"style-css-av-ljfz86ul-7942397625e47bf7faa06a6f7dd97e22\">\n#top .av-special-heading.av-ljfz86ul-7942397625e47bf7faa06a6f7dd97e22{\npadding-bottom:5px;\n}\nbody .av-special-heading.av-ljfz86ul-7942397625e47bf7faa06a6f7dd97e22 .av-special-heading-tag .heading-char{\nfont-size:25px;\n}\n.av-special-heading.av-ljfz86ul-7942397625e47bf7faa06a6f7dd97e22 .av-subheading{\nfont-size:15px;\n}\n<\/style>\n<div  class='av-special-heading av-ljfz86ul-7942397625e47bf7faa06a6f7dd97e22 av-special-heading-h1  avia-builder-el-15  avia-builder-el-no-sibling '><h1 class='av-special-heading-tag '  itemprop=\"headline\"  >activit\u00e9s culturelles<\/h1><div class=\"special-heading-border\"><div class=\"special-heading-inner-border\"><\/div><\/div><\/div><\/div>\n<style type=\"text\/css\" data-created_by=\"avia_inline_auto\" id=\"style-css-av-92b8i-3f91a65ddc451790cf882d44006322e4\">\n.flex_column.av-92b8i-3f91a65ddc451790cf882d44006322e4{\nborder-radius:0px 0px 0px 0px;\npadding:0px 0px 0px 0px;\n}\n<\/style>\n<div  class='flex_column av-92b8i-3f91a65ddc451790cf882d44006322e4 av_two_third  avia-builder-el-16  el_after_av_one_full  el_before_av_one_third  first flex_column_div av-zero-column-padding  column-top-margin'     ><section  class='av_textblock_section av-7znye-67c322314afe822a9e68d185a2c2c10a '   itemscope=\"itemscope\" itemtype=\"https:\/\/schema.org\/CreativeWork\" ><div class='avia_textblock'  itemprop=\"text\" ><ul style=\"text-align: left;\">\n<li><strong>Pals<\/strong> , <b>visites guid\u00e9es, routes litt\u00e9raires et en train \u00e0 travers les rizi\u00e8res<\/b> <a href=\"https:\/\/www.visitpals.com\/ca\/que-fer\/visites-guiades\/\" target=\"_blank\" rel=\"noopener\">http:\/\/www.visitpals.com\/es\/que-hacer\/visitas-guiadas\/<\/a><\/li>\n<li><strong>Ruines<\/strong> <strong>gr\u00e9co-romaines<\/strong> <strong>d&rsquo;Emp\u00faries<\/strong> <a href=\"http:\/\/www.macempuries.cat\" target=\"_blank\" rel=\"noopener\">http:\/\/www.macempuries.cat<\/a><\/li>\n<li><strong>Poblat Ib\u00e9rique d&rsquo;Ullastret<\/strong> <a href=\"http:\/\/www.macullastret.cat\" target=\"_blank\" rel=\"noopener\">http:\/\/www.macullastret.cat<\/a><\/li>\n<li><strong>Route des cit\u00e9s m\u00e9di\u00e9vales<\/strong> <a href=\"http:\/\/www.monestirs.cat\/monst\/baemp\/cbp00baem.htm\" target=\"_blank\" rel=\"noopener\">http:\/\/www.monestirs.cat\/monst\/baemp\/cbp00baem.htm<\/a><\/li>\n<li><strong>Parcours Josep Pla,<\/strong> \u00e0 Palafrugell. <a href=\"http:\/\/www.fundaciojoseppla.cat\" target=\"_blank\" rel=\"noopener\">http:\/\/www.fundaciojoseppla.cat<\/a><\/li>\n<li><strong>Festival de musique de Torroella de Montgr\u00ed<\/strong> (juillet-ao\u00fbt) <a href=\"http:\/\/www.festivaldetorroella.cat\/\" target=\"_blank\" rel=\"noopener\">http:\/\/www.festivaldetorroella.cat\/<\/a><\/li>\n<li><strong>Festival du Cap Roig<\/strong> (juillet-ao\u00fbt) \/ <strong>Jardins du Cap Roig<\/strong> Calella de Palafrugell<\/li>\n<li><strong>Cantada de Havaneres<\/strong> <strong>\u00e0 Calella de Palafrugell<\/strong> <a href=\"http:\/\/www.havanerescalella.cat\" target=\"_blank\" rel=\"noopener\">http:\/\/www.havanerescalella.cat<\/a><\/li>\n<li><strong>Th\u00e9\u00e2tre-mus\u00e9e Dal\u00ed<\/strong> Figueres, Port Lligat, P\u00fabol <a href=\"http:\/\/www.salvador-dali.org\" target=\"_blank\" rel=\"noopener\">http:\/\/www.salvador-dali.org<\/a><\/li>\n<li><strong>Foire indienne \u00e0 Begur<\/strong> (septembre) <a href=\"http:\/\/visitbegur.cat\/es\/fira-indians\/\" target=\"_blank\" rel=\"noopener\">http:\/\/visitbegur.cat\/es\/fira-indians\/<\/a><\/li>\n<li><strong>Procession des Verges<\/strong> (Semaine Sainte)<\/li>\n<li><strong>Antiquit\u00e9s et c\u00e9ramiques,<\/strong> La Bisbal d&rsquo;Empord\u00e0<\/li>\n<li><strong>Mus\u00e9e de la M\u00e9diterran\u00e9e<\/strong> Torroella de Montgr\u00ed <a href=\"http:\/\/www.museudelamediterrania.cat\" target=\"_blank\" rel=\"noopener\">http:\/\/www.museudelamediterrania.cat<\/a><\/li>\n<li><strong>Mus\u00e9e du li\u00e8ge<\/strong> de Palafrugell<\/li>\n<li><strong>Cath\u00e9drale de G\u00e9rone<\/strong> <a href=\"http:\/\/www.catedraldegirona.cat\" target=\"_blank\" rel=\"noopener\">http:\/\/www.catedraldegirona.cat<\/a><\/li>\n<li><strong>Mus\u00e9e d&rsquo;Art de G\u00e9rone<\/strong> <a href=\"http:\/\/www.museuart.com\" target=\"_blank\" rel=\"noopener\">http:\/\/www.museuart.com<\/a><\/li>\n<li><strong>Mus\u00e9e du Cin\u00e9ma<\/strong> de G\u00e9rone <a href=\"http:\/\/www.museudelcinema.cat\" target=\"_blank\" rel=\"noopener\">http:\/\/www.museudelcinema.cat<\/a><\/li>\n<\/ul>\n<p><!--more--><\/p>\n<\/div><\/section><\/div><\/p>\n\n<style type=\"text\/css\" data-created_by=\"avia_inline_auto\" id=\"style-css-av-3v0sq-c06ab7167198553313a3a963ff53d8f0\">\n.flex_column.av-3v0sq-c06ab7167198553313a3a963ff53d8f0{\nborder-radius:0px 0px 0px 0px;\npadding:0px 0px 0px 0px;\n}\n<\/style>\n<div  class='flex_column av-3v0sq-c06ab7167198553313a3a963ff53d8f0 av_one_third  avia-builder-el-18  el_after_av_two_third  el_before_av_one_full  flex_column_div av-zero-column-padding  column-top-margin'     ><p>\n<style type=\"text\/css\" data-created_by=\"avia_inline_auto\" id=\"style-css-av-3j96q-be70dbb1dd03f96c03093ff79859eb5b\">\n#top .hr.hr-invisible.av-3j96q-be70dbb1dd03f96c03093ff79859eb5b{\nheight:30px;\n}\n<\/style>\n<div  class='hr av-3j96q-be70dbb1dd03f96c03093ff79859eb5b hr-invisible  avia-builder-el-19  el_before_av_gallery  avia-builder-el-first '><span class='hr-inner '><span class=\"hr-inner-style\"><\/span><\/span><\/div><br \/>\n\n<style type=\"text\/css\" data-created_by=\"avia_inline_auto\" id=\"style-css-av-k9yq9hwq-1a132a9592c7ad9ee9c55f7d5e698d92\">\n#top .avia-gallery.av-k9yq9hwq-1a132a9592c7ad9ee9c55f7d5e698d92 .avia-gallery-thumb a{\nwidth:100%;\n}\n<\/style>\n<div  class='avia-gallery av-k9yq9hwq-1a132a9592c7ad9ee9c55f7d5e698d92 avia_animate_when_visible  avia-builder-el-20  el_after_av_hr  el_before_av_hr  deactivate_avia_lazyload avia-gallery-animate avia-gallery-2'  itemprop=\"image\" itemscope=\"itemscope\" itemtype=\"https:\/\/schema.org\/ImageObject\" ><meta itemprop=\"contentURL\" content=\"https:\/\/www.masferranpals.com\/fr\/activites\/\"><div class='avia-gallery-thumb'><a href=\"https:\/\/www.masferranpals.com\/wp-content\/uploads\/2020\/05\/petu.jpg\" data-srcset=\"https:\/\/www.masferranpals.com\/wp-content\/uploads\/2020\/05\/petu.jpg 545w, https:\/\/www.masferranpals.com\/wp-content\/uploads\/2020\/05\/petu-300x176.jpg 300w\" data-sizes=\"(max-width: 545px) 100vw, 545px\" data-rel='gallery-2' data-prev-img='https:\/\/www.masferranpals.com\/wp-content\/uploads\/2020\/05\/petu-495x320.jpg' class='first_thumb lightbox ' data-onclick='1' title='Indians, Begur'  itemprop=\"thumbnailUrl\"  ><img decoding=\"async\" fetchpriority=\"high\" class=\"wp-image-7000 avia-img-lazy-loading-not-7000\"  data-avia-tooltip='Indians, Begur' src=\"https:\/\/www.masferranpals.com\/wp-content\/uploads\/2020\/05\/petu-260x185.jpg\" width=\"260\" height=\"185\"  title='Casa Indians, Begur' alt='' \/><div class='big-prev-fake'><img decoding=\"async\" loading=\"lazy\" class=\"wp-image-7000 avia-img-lazy-loading-7000\"  width=\"495\" height=\"320\" src=\"https:\/\/www.masferranpals.com\/wp-content\/uploads\/2020\/05\/petu-495x320.jpg\" title='Casa Indians, Begur' alt='' \/><\/div><\/a><\/div><\/div><br \/>\n\n<style type=\"text\/css\" data-created_by=\"avia_inline_auto\" id=\"style-css-av-2tgy2-af3c977c6d5aa386aca6a87c8d6e8698\">\n#top .hr.hr-invisible.av-2tgy2-af3c977c6d5aa386aca6a87c8d6e8698{\nheight:30px;\n}\n<\/style>\n<div  class='hr av-2tgy2-af3c977c6d5aa386aca6a87c8d6e8698 hr-invisible  avia-builder-el-21  el_after_av_gallery  el_before_av_hr '><span class='hr-inner '><span class=\"hr-inner-style\"><\/span><\/span><\/div><br \/>\n\n<style type=\"text\/css\" data-created_by=\"avia_inline_auto\" id=\"style-css-av-2tgy2-af3c977c6d5aa386aca6a87c8d6e8698\">\n#top .hr.hr-invisible.av-2tgy2-af3c977c6d5aa386aca6a87c8d6e8698{\nheight:30px;\n}\n<\/style>\n<div  class='hr av-2tgy2-af3c977c6d5aa386aca6a87c8d6e8698 hr-invisible  avia-builder-el-22  el_after_av_hr  el_before_av_hr '><span class='hr-inner '><span class=\"hr-inner-style\"><\/span><\/span><\/div><br \/>\n\n<style type=\"text\/css\" data-created_by=\"avia_inline_auto\" id=\"style-css-av-2tgy2-af3c977c6d5aa386aca6a87c8d6e8698\">\n#top .hr.hr-invisible.av-2tgy2-af3c977c6d5aa386aca6a87c8d6e8698{\nheight:30px;\n}\n<\/style>\n<div  class='hr av-2tgy2-af3c977c6d5aa386aca6a87c8d6e8698 hr-invisible  avia-builder-el-23  el_after_av_hr  el_before_av_gallery '><span class='hr-inner '><span class=\"hr-inner-style\"><\/span><\/span><\/div><br \/>\n\n<style type=\"text\/css\" data-created_by=\"avia_inline_auto\" id=\"style-css-av-k9yqa5qz-313f16a23cea3b335f023faa3ed05387\">\n#top .avia-gallery.av-k9yqa5qz-313f16a23cea3b335f023faa3ed05387 .avia-gallery-thumb a{\nwidth:100%;\n}\n<\/style>\n<div  class='avia-gallery av-k9yqa5qz-313f16a23cea3b335f023faa3ed05387 avia_animate_when_visible  avia-builder-el-24  el_after_av_hr  avia-builder-el-last  deactivate_avia_lazyload avia-gallery-animate avia-gallery-3'  itemprop=\"image\" itemscope=\"itemscope\" itemtype=\"https:\/\/schema.org\/ImageObject\" ><meta itemprop=\"contentURL\" content=\"https:\/\/www.masferranpals.com\/fr\/activites\/\"><div class='avia-gallery-thumb'><a href=\"https:\/\/www.masferranpals.com\/wp-content\/uploads\/2020\/05\/desde-cal-alfred.jpg\" data-srcset=\"https:\/\/www.masferranpals.com\/wp-content\/uploads\/2020\/05\/desde-cal-alfred.jpg 350w, https:\/\/www.masferranpals.com\/wp-content\/uploads\/2020\/05\/desde-cal-alfred-300x240.jpg 300w\" data-sizes=\"(max-width: 350px) 100vw, 350px\" data-rel='gallery-3' data-prev-img='https:\/\/www.masferranpals.com\/wp-content\/uploads\/2020\/05\/desde-cal-alfred.jpg' class='first_thumb lightbox ' data-onclick='1' title='Pals Medieval'  itemprop=\"thumbnailUrl\"  ><img decoding=\"async\" fetchpriority=\"high\" class=\"wp-image-6958 avia-img-lazy-loading-not-6958\"  data-avia-tooltip='Pals Medieval' src=\"https:\/\/www.masferranpals.com\/wp-content\/uploads\/2020\/05\/desde-cal-alfred-260x185.jpg\" width=\"260\" height=\"185\"  title='Pals Medieval' alt='' \/><div class='big-prev-fake'><img decoding=\"async\" loading=\"lazy\" class=\"wp-image-6958 avia-img-lazy-loading-6958\"  width=\"350\" height=\"280\" src=\"https:\/\/www.masferranpals.com\/wp-content\/uploads\/2020\/05\/desde-cal-alfred.jpg\" title='Pals Medieval' alt='' srcset=\"https:\/\/www.masferranpals.com\/wp-content\/uploads\/2020\/05\/desde-cal-alfred.jpg 350w, https:\/\/www.masferranpals.com\/wp-content\/uploads\/2020\/05\/desde-cal-alfred-300x240.jpg 300w\" sizes=\"auto, (max-width: 350px) 100vw, 350px\" \/><\/div><\/a><\/div><\/div><\/p><\/div>\n\n<style type=\"text\/css\" data-created_by=\"avia_inline_auto\" id=\"style-css-av-463a-8edc13d878dfa3468543e21454a19628\">\n.flex_column.av-463a-8edc13d878dfa3468543e21454a19628{\nborder-radius:0px 0px 0px 0px;\npadding:0px 0px 0px 0px;\n}\n<\/style>\n<div  class='flex_column av-463a-8edc13d878dfa3468543e21454a19628 av_one_full  avia-builder-el-25  el_after_av_one_third  el_before_av_two_third  first flex_column_div av-zero-column-padding  column-top-margin'     ><p>\n<style type=\"text\/css\" data-created_by=\"avia_inline_auto\" id=\"style-css-av-7glue-f3f49bc7f33b0305cd647ddf691ed59c\">\n#top .avia-gallery.av-7glue-f3f49bc7f33b0305cd647ddf691ed59c .avia-gallery-thumb a{\nwidth:10%;\n}\n<\/style>\n<div  class='avia-gallery av-7glue-f3f49bc7f33b0305cd647ddf691ed59c avia_animate_when_visible  avia-builder-el-26  el_before_av_hr  avia-builder-el-first  deactivate_avia_lazyload avia-gallery-animate avia-gallery-4'  itemprop=\"image\" itemscope=\"itemscope\" itemtype=\"https:\/\/schema.org\/ImageObject\" ><meta itemprop=\"contentURL\" content=\"https:\/\/www.masferranpals.com\/fr\/activites\/\"><div class='avia-gallery-thumb'><a href=\"https:\/\/www.masferranpals.com\/wp-content\/uploads\/2018\/05\/jardin-de-cap-roig-1.jpg\" data-srcset=\"https:\/\/www.masferranpals.com\/wp-content\/uploads\/2018\/05\/jardin-de-cap-roig-1.jpg 550w, https:\/\/www.masferranpals.com\/wp-content\/uploads\/2018\/05\/jardin-de-cap-roig-1-300x225.jpg 300w, https:\/\/www.masferranpals.com\/wp-content\/uploads\/2018\/05\/jardin-de-cap-roig-1-450x337.jpg 450w\" data-sizes=\"(max-width: 550px) 100vw, 550px\" data-rel='gallery-4' data-prev-img='https:\/\/www.masferranpals.com\/wp-content\/uploads\/2018\/05\/jardin-de-cap-roig-1-495x400.jpg' class='first_thumb lightbox ' data-onclick='1' title='Jardins de Cap Roig'  itemprop=\"thumbnailUrl\"  ><img decoding=\"async\" fetchpriority=\"high\" class=\"wp-image-6548 avia-img-lazy-loading-not-6548\"  data-avia-tooltip='Jardins de Cap Roig' src=\"https:\/\/www.masferranpals.com\/wp-content\/uploads\/2018\/05\/jardin-de-cap-roig-1-260x185.jpg\" width=\"260\" height=\"185\"  title='Jardins de Cap Roig' alt='' \/><div class='big-prev-fake'><img decoding=\"async\" loading=\"lazy\" class=\"wp-image-6548 avia-img-lazy-loading-6548\"  width=\"495\" height=\"400\" src=\"https:\/\/www.masferranpals.com\/wp-content\/uploads\/2018\/05\/jardin-de-cap-roig-1-495x400.jpg\" title='Jardins de Cap Roig' alt='' \/><\/div><\/a><a href=\"https:\/\/www.masferranpals.com\/wp-content\/uploads\/2018\/05\/dali-theatre-museum.jpg\" data-srcset=\"https:\/\/www.masferranpals.com\/wp-content\/uploads\/2018\/05\/dali-theatre-museum.jpg 550w, https:\/\/www.masferranpals.com\/wp-content\/uploads\/2018\/05\/dali-theatre-museum-300x225.jpg 300w, https:\/\/www.masferranpals.com\/wp-content\/uploads\/2018\/05\/dali-theatre-museum-450x337.jpg 450w\" data-sizes=\"(max-width: 550px) 100vw, 550px\" data-rel='gallery-4' data-prev-img='https:\/\/www.masferranpals.com\/wp-content\/uploads\/2018\/05\/dali-theatre-museum-495x400.jpg' class='lightbox ' data-onclick='2' title='Museu Dal\u00ed'  itemprop=\"thumbnailUrl\"  ><img decoding=\"async\" fetchpriority=\"high\" class=\"wp-image-6542 avia-img-lazy-loading-not-6542\"  data-avia-tooltip='Museu Dal\u00ed' src=\"https:\/\/www.masferranpals.com\/wp-content\/uploads\/2018\/05\/dali-theatre-museum-260x185.jpg\" width=\"260\" height=\"185\"  title='Museu Dal\u00ed' alt='' \/><div class='big-prev-fake'><img decoding=\"async\" loading=\"lazy\" class=\"wp-image-6542 avia-img-lazy-loading-6542\"  width=\"495\" height=\"400\" src=\"https:\/\/www.masferranpals.com\/wp-content\/uploads\/2018\/05\/dali-theatre-museum-495x400.jpg\" title='Museu Dal\u00ed' alt='' \/><\/div><\/a><a href=\"https:\/\/www.masferranpals.com\/wp-content\/uploads\/2018\/05\/Monestir-St.-Pere-de-Rodes-1030x690.jpg\" data-srcset=\"https:\/\/www.masferranpals.com\/wp-content\/uploads\/2018\/05\/Monestir-St.-Pere-de-Rodes-1030x690.jpg 1030w, https:\/\/www.masferranpals.com\/wp-content\/uploads\/2018\/05\/Monestir-St.-Pere-de-Rodes-300x201.jpg 300w, https:\/\/www.masferranpals.com\/wp-content\/uploads\/2018\/05\/Monestir-St.-Pere-de-Rodes-768x514.jpg 768w, https:\/\/www.masferranpals.com\/wp-content\/uploads\/2018\/05\/Monestir-St.-Pere-de-Rodes.jpg 1500w, https:\/\/www.masferranpals.com\/wp-content\/uploads\/2018\/05\/Monestir-St.-Pere-de-Rodes-705x472.jpg 705w, https:\/\/www.masferranpals.com\/wp-content\/uploads\/2018\/05\/Monestir-St.-Pere-de-Rodes-450x301.jpg 450w\" data-sizes=\"(max-width: 1030px) 100vw, 1030px\" data-rel='gallery-4' data-prev-img='https:\/\/www.masferranpals.com\/wp-content\/uploads\/2018\/05\/Monestir-St.-Pere-de-Rodes-495x400.jpg' class='lightbox ' data-onclick='3' title='Monestir St. Pere de Rodes'  itemprop=\"thumbnailUrl\"  ><img decoding=\"async\" fetchpriority=\"high\" class=\"wp-image-4157 avia-img-lazy-loading-not-4157\"  data-avia-tooltip='Monestir St. Pere de Rodes' src=\"https:\/\/www.masferranpals.com\/wp-content\/uploads\/2018\/05\/Monestir-St.-Pere-de-Rodes-260x185.jpg\" width=\"260\" height=\"185\"  title='Monestir St. Pere de Rodes' alt='' \/><div class='big-prev-fake'><img decoding=\"async\" loading=\"lazy\" class=\"wp-image-4157 avia-img-lazy-loading-4157\"  width=\"495\" height=\"400\" src=\"https:\/\/www.masferranpals.com\/wp-content\/uploads\/2018\/05\/Monestir-St.-Pere-de-Rodes-495x400.jpg\" title='Monestir St. Pere de Rodes' alt='' srcset=\"https:\/\/www.masferranpals.com\/wp-content\/uploads\/2018\/05\/Monestir-St.-Pere-de-Rodes-495x400.jpg 495w, https:\/\/www.masferranpals.com\/wp-content\/uploads\/2018\/05\/Monestir-St.-Pere-de-Rodes-845x684.jpg 845w\" sizes=\"auto, (max-width: 495px) 100vw, 495px\" \/><\/div><\/a><a href=\"https:\/\/www.masferranpals.com\/wp-content\/uploads\/2018\/05\/Dan\u00e7a-de-la-Mort-1.jpg\" data-srcset=\"https:\/\/www.masferranpals.com\/wp-content\/uploads\/2018\/05\/Dan\u00e7a-de-la-Mort-1.jpg 795w, https:\/\/www.masferranpals.com\/wp-content\/uploads\/2018\/05\/Dan\u00e7a-de-la-Mort-1-300x201.jpg 300w, https:\/\/www.masferranpals.com\/wp-content\/uploads\/2018\/05\/Dan\u00e7a-de-la-Mort-1-768x514.jpg 768w, https:\/\/www.masferranpals.com\/wp-content\/uploads\/2018\/05\/Dan\u00e7a-de-la-Mort-1-705x472.jpg 705w, https:\/\/www.masferranpals.com\/wp-content\/uploads\/2018\/05\/Dan\u00e7a-de-la-Mort-1-450x301.jpg 450w\" data-sizes=\"(max-width: 795px) 100vw, 795px\" data-rel='gallery-4' data-prev-img='https:\/\/www.masferranpals.com\/wp-content\/uploads\/2018\/05\/Dan\u00e7a-de-la-Mort-1-495x400.jpg' class='lightbox ' data-onclick='4' title='Process\u00f3 de Verges'  itemprop=\"thumbnailUrl\"  ><img decoding=\"async\" fetchpriority=\"high\" class=\"wp-image-4184 avia-img-lazy-loading-not-4184\"  data-avia-tooltip='Process\u00f3 de Verges' src=\"https:\/\/www.masferranpals.com\/wp-content\/uploads\/2018\/05\/Dan\u00e7a-de-la-Mort-1-260x185.jpg\" width=\"260\" height=\"185\"  title='Process\u00f3 de Verges' alt='' \/><div class='big-prev-fake'><img decoding=\"async\" loading=\"lazy\" class=\"wp-image-4184 avia-img-lazy-loading-4184\"  width=\"495\" height=\"400\" src=\"https:\/\/www.masferranpals.com\/wp-content\/uploads\/2018\/05\/Dan\u00e7a-de-la-Mort-1-495x400.jpg\" title='Process\u00f3 de Verges' alt='' \/><\/div><\/a><a href=\"https:\/\/www.masferranpals.com\/wp-content\/uploads\/2018\/05\/Cer\u00e0mica.jpg\" data-srcset=\"https:\/\/www.masferranpals.com\/wp-content\/uploads\/2018\/05\/Cer\u00e0mica.jpg 1024w, https:\/\/www.masferranpals.com\/wp-content\/uploads\/2018\/05\/Cer\u00e0mica-300x205.jpg 300w, https:\/\/www.masferranpals.com\/wp-content\/uploads\/2018\/05\/Cer\u00e0mica-768x525.jpg 768w, https:\/\/www.masferranpals.com\/wp-content\/uploads\/2018\/05\/Cer\u00e0mica-705x482.jpg 705w, https:\/\/www.masferranpals.com\/wp-content\/uploads\/2018\/05\/Cer\u00e0mica-450x308.jpg 450w\" data-sizes=\"(max-width: 1024px) 100vw, 1024px\" data-rel='gallery-4' data-prev-img='https:\/\/www.masferranpals.com\/wp-content\/uploads\/2018\/05\/Cer\u00e0mica-495x400.jpg' class='lightbox ' data-onclick='5' title='Cer\u00e0mica'  itemprop=\"thumbnailUrl\"  ><img decoding=\"async\" fetchpriority=\"high\" class=\"wp-image-4145 avia-img-lazy-loading-not-4145\"  data-avia-tooltip='Cer\u00e0mica' src=\"https:\/\/www.masferranpals.com\/wp-content\/uploads\/2018\/05\/Cer\u00e0mica-260x185.jpg\" width=\"260\" height=\"185\"  title='Cer\u00e0mica' alt='' \/><div class='big-prev-fake'><img decoding=\"async\" loading=\"lazy\" class=\"wp-image-4145 avia-img-lazy-loading-4145\"  width=\"495\" height=\"400\" src=\"https:\/\/www.masferranpals.com\/wp-content\/uploads\/2018\/05\/Cer\u00e0mica-495x400.jpg\" title='Cer\u00e0mica' alt='' srcset=\"https:\/\/www.masferranpals.com\/wp-content\/uploads\/2018\/05\/Cer\u00e0mica-495x400.jpg 495w, https:\/\/www.masferranpals.com\/wp-content\/uploads\/2018\/05\/Cer\u00e0mica-845x684.jpg 845w\" sizes=\"auto, (max-width: 495px) 100vw, 495px\" \/><\/div><\/a><a href=\"https:\/\/www.masferranpals.com\/wp-content\/uploads\/2018\/05\/Havaneres-1.jpg\" data-srcset=\"https:\/\/www.masferranpals.com\/wp-content\/uploads\/2018\/05\/Havaneres-1.jpg 600w, https:\/\/www.masferranpals.com\/wp-content\/uploads\/2018\/05\/Havaneres-1-300x192.jpg 300w, https:\/\/www.masferranpals.com\/wp-content\/uploads\/2018\/05\/Havaneres-1-450x287.jpg 450w\" data-sizes=\"(max-width: 600px) 100vw, 600px\" data-rel='gallery-4' data-prev-img='https:\/\/www.masferranpals.com\/wp-content\/uploads\/2018\/05\/Havaneres-1-495x383.jpg' class='lightbox ' data-onclick='6' title='Havaneres Calella de Palafrugell'  itemprop=\"thumbnailUrl\"  ><img decoding=\"async\" fetchpriority=\"high\" class=\"wp-image-4181 avia-img-lazy-loading-not-4181\"  data-avia-tooltip='Havaneres Calella de Palafrugell' src=\"https:\/\/www.masferranpals.com\/wp-content\/uploads\/2018\/05\/Havaneres-1-260x185.jpg\" width=\"260\" height=\"185\"  title='Havaneres Calella de Palafrugell' alt='' \/><div class='big-prev-fake'><img decoding=\"async\" loading=\"lazy\" class=\"wp-image-4181 avia-img-lazy-loading-4181\"  width=\"495\" height=\"383\" src=\"https:\/\/www.masferranpals.com\/wp-content\/uploads\/2018\/05\/Havaneres-1-495x383.jpg\" title='Havaneres Calella de Palafrugell' alt='' \/><\/div><\/a><a href=\"https:\/\/www.masferranpals.com\/wp-content\/uploads\/2018\/05\/Casc-Antic-de-Pals.jpg\" data-srcset=\"https:\/\/www.masferranpals.com\/wp-content\/uploads\/2018\/05\/Casc-Antic-de-Pals.jpg 880w, https:\/\/www.masferranpals.com\/wp-content\/uploads\/2018\/05\/Casc-Antic-de-Pals-300x162.jpg 300w, https:\/\/www.masferranpals.com\/wp-content\/uploads\/2018\/05\/Casc-Antic-de-Pals-768x415.jpg 768w, https:\/\/www.masferranpals.com\/wp-content\/uploads\/2018\/05\/Casc-Antic-de-Pals-705x381.jpg 705w, https:\/\/www.masferranpals.com\/wp-content\/uploads\/2018\/05\/Casc-Antic-de-Pals-450x243.jpg 450w\" data-sizes=\"(max-width: 880px) 100vw, 880px\" data-rel='gallery-4' data-prev-img='https:\/\/www.masferranpals.com\/wp-content\/uploads\/2018\/05\/Casc-Antic-de-Pals-495x400.jpg' class='lightbox ' data-onclick='7' title='Casc Antic de Pals'  itemprop=\"thumbnailUrl\"  ><img decoding=\"async\" fetchpriority=\"high\" class=\"wp-image-4130 avia-img-lazy-loading-not-4130\"  data-avia-tooltip='Casc Antic de Pals' src=\"https:\/\/www.masferranpals.com\/wp-content\/uploads\/2018\/05\/Casc-Antic-de-Pals-260x185.jpg\" width=\"260\" height=\"185\"  title='Casc Antic de Pals' alt='' \/><div class='big-prev-fake'><img decoding=\"async\" loading=\"lazy\" class=\"wp-image-4130 avia-img-lazy-loading-4130\"  width=\"495\" height=\"400\" src=\"https:\/\/www.masferranpals.com\/wp-content\/uploads\/2018\/05\/Casc-Antic-de-Pals-495x400.jpg\" title='Casc Antic de Pals' alt='' \/><\/div><\/a><a href=\"https:\/\/www.masferranpals.com\/wp-content\/uploads\/2018\/05\/Sala-d-Asclepi_slider_big-1030x515.jpg\" data-srcset=\"https:\/\/www.masferranpals.com\/wp-content\/uploads\/2018\/05\/Sala-d-Asclepi_slider_big-1030x515.jpg 1030w, https:\/\/www.masferranpals.com\/wp-content\/uploads\/2018\/05\/Sala-d-Asclepi_slider_big-300x150.jpg 300w, https:\/\/www.masferranpals.com\/wp-content\/uploads\/2018\/05\/Sala-d-Asclepi_slider_big-768x384.jpg 768w, https:\/\/www.masferranpals.com\/wp-content\/uploads\/2018\/05\/Sala-d-Asclepi_slider_big-705x353.jpg 705w, https:\/\/www.masferranpals.com\/wp-content\/uploads\/2018\/05\/Sala-d-Asclepi_slider_big-450x225.jpg 450w, https:\/\/www.masferranpals.com\/wp-content\/uploads\/2018\/05\/Sala-d-Asclepi_slider_big.jpg 1140w\" data-sizes=\"(max-width: 1030px) 100vw, 1030px\" data-rel='gallery-4' data-prev-img='https:\/\/www.masferranpals.com\/wp-content\/uploads\/2018\/05\/Sala-d-Asclepi_slider_big-495x400.jpg' class='lightbox ' data-onclick='8' title='Asclepi'  itemprop=\"thumbnailUrl\"  ><img decoding=\"async\" fetchpriority=\"high\" class=\"wp-image-4163 avia-img-lazy-loading-not-4163\"  data-avia-tooltip='Asclepi' src=\"https:\/\/www.masferranpals.com\/wp-content\/uploads\/2018\/05\/Sala-d-Asclepi_slider_big-260x185.jpg\" width=\"260\" height=\"185\"  title='Asclepi' alt='' \/><div class='big-prev-fake'><img decoding=\"async\" loading=\"lazy\" class=\"wp-image-4163 avia-img-lazy-loading-4163\"  width=\"495\" height=\"400\" src=\"https:\/\/www.masferranpals.com\/wp-content\/uploads\/2018\/05\/Sala-d-Asclepi_slider_big-495x400.jpg\" title='Asclepi' alt='' \/><\/div><\/a><a href=\"https:\/\/www.masferranpals.com\/wp-content\/uploads\/2018\/05\/Domus-dels-mosaics-s.-I-aC-I-dC.jpg\" data-srcset=\"https:\/\/www.masferranpals.com\/wp-content\/uploads\/2018\/05\/Domus-dels-mosaics-s.-I-aC-I-dC.jpg 700w, https:\/\/www.masferranpals.com\/wp-content\/uploads\/2018\/05\/Domus-dels-mosaics-s.-I-aC-I-dC-300x199.jpg 300w, https:\/\/www.masferranpals.com\/wp-content\/uploads\/2018\/05\/Domus-dels-mosaics-s.-I-aC-I-dC-450x299.jpg 450w\" data-sizes=\"(max-width: 700px) 100vw, 700px\" data-rel='gallery-4' data-prev-img='https:\/\/www.masferranpals.com\/wp-content\/uploads\/2018\/05\/Domus-dels-mosaics-s.-I-aC-I-dC-495x400.jpg' class='lightbox ' data-onclick='9' title='Emp\u00faries'  itemprop=\"thumbnailUrl\"  ><img decoding=\"async\" fetchpriority=\"high\" class=\"wp-image-4178 avia-img-lazy-loading-not-4178\"  data-avia-tooltip='Emp\u00faries' src=\"https:\/\/www.masferranpals.com\/wp-content\/uploads\/2018\/05\/Domus-dels-mosaics-s.-I-aC-I-dC-260x185.jpg\" width=\"260\" height=\"185\"  title='Emp\u00faries' alt='' \/><div class='big-prev-fake'><img decoding=\"async\" loading=\"lazy\" class=\"wp-image-4178 avia-img-lazy-loading-4178\"  width=\"495\" height=\"400\" src=\"https:\/\/www.masferranpals.com\/wp-content\/uploads\/2018\/05\/Domus-dels-mosaics-s.-I-aC-I-dC-495x400.jpg\" title='Emp\u00faries' alt='' \/><\/div><\/a><a href=\"https:\/\/www.masferranpals.com\/wp-content\/uploads\/2018\/05\/Monells.jpg\" data-srcset=\"https:\/\/www.masferranpals.com\/wp-content\/uploads\/2018\/05\/Monells.jpg 1000w, https:\/\/www.masferranpals.com\/wp-content\/uploads\/2018\/05\/Monells-300x200.jpg 300w, https:\/\/www.masferranpals.com\/wp-content\/uploads\/2018\/05\/Monells-768x512.jpg 768w, https:\/\/www.masferranpals.com\/wp-content\/uploads\/2018\/05\/Monells-705x470.jpg 705w, https:\/\/www.masferranpals.com\/wp-content\/uploads\/2018\/05\/Monells-450x300.jpg 450w\" data-sizes=\"(max-width: 1000px) 100vw, 1000px\" data-rel='gallery-4' data-prev-img='https:\/\/www.masferranpals.com\/wp-content\/uploads\/2018\/05\/Monells-495x400.jpg' class='lightbox ' data-onclick='10' title='Monells'  itemprop=\"thumbnailUrl\"  ><img decoding=\"async\" fetchpriority=\"high\" class=\"wp-image-6568 avia-img-lazy-loading-not-6568\"  data-avia-tooltip='Monells' src=\"https:\/\/www.masferranpals.com\/wp-content\/uploads\/2018\/05\/Monells-260x185.jpg\" width=\"260\" height=\"185\"  title='Monells' alt='' \/><div class='big-prev-fake'><img decoding=\"async\" loading=\"lazy\" class=\"wp-image-6568 avia-img-lazy-loading-6568\"  width=\"495\" height=\"400\" src=\"https:\/\/www.masferranpals.com\/wp-content\/uploads\/2018\/05\/Monells-495x400.jpg\" title='Monells' alt='' \/><\/div><\/a><\/div><\/div><br \/>\n\n<style type=\"text\/css\" data-created_by=\"avia_inline_auto\" id=\"style-css-av-k9yqcgvn-27754c436b255a5c24be77bf31c770eb\">\n#top .hr.hr-invisible.av-k9yqcgvn-27754c436b255a5c24be77bf31c770eb{\nheight:40px;\n}\n<\/style>\n<div  class='hr av-k9yqcgvn-27754c436b255a5c24be77bf31c770eb hr-invisible  avia-builder-el-27  el_after_av_gallery  el_before_av_heading '><span class='hr-inner '><span class=\"hr-inner-style\"><\/span><\/span><\/div><br \/>\n\n<style type=\"text\/css\" data-created_by=\"avia_inline_auto\" id=\"style-css-av-ljfzt282-ba05e1fae0b7a2462719e03870e44c17\">\n#top .av-special-heading.av-ljfzt282-ba05e1fae0b7a2462719e03870e44c17{\npadding-bottom:10px;\n}\nbody .av-special-heading.av-ljfzt282-ba05e1fae0b7a2462719e03870e44c17 .av-special-heading-tag .heading-char{\nfont-size:25px;\n}\n.av-special-heading.av-ljfzt282-ba05e1fae0b7a2462719e03870e44c17 .av-subheading{\nfont-size:15px;\n}\n<\/style>\n<div  class='av-special-heading av-ljfzt282-ba05e1fae0b7a2462719e03870e44c17 av-special-heading-h1  avia-builder-el-28  el_after_av_hr  avia-builder-el-last '><h1 class='av-special-heading-tag '  itemprop=\"headline\"  >march\u00e9s<\/h1><div class=\"special-heading-border\"><div class=\"special-heading-inner-border\"><\/div><\/div><\/div><\/p><\/div>\n<style type=\"text\/css\" data-created_by=\"avia_inline_auto\" id=\"style-css-av-6e1vq-2cc711023b478d1e0e7ae4073dbc23ec\">\n.flex_column.av-6e1vq-2cc711023b478d1e0e7ae4073dbc23ec{\nborder-radius:0px 0px 0px 0px;\npadding:0px 0px 0px 0px;\n}\n<\/style>\n<div  class='flex_column av-6e1vq-2cc711023b478d1e0e7ae4073dbc23ec av_two_third  avia-builder-el-29  el_after_av_one_full  el_before_av_one_third  first flex_column_div av-zero-column-padding  column-top-margin'     ><section  class='av_textblock_section av-5ax8m-6205e6acb7e6574d36f559a33c4ce362 '   itemscope=\"itemscope\" itemtype=\"https:\/\/schema.org\/CreativeWork\" ><div class='avia_textblock'  itemprop=\"text\" ><ul>\n<li style=\"list-style-type: none;\">\n<ul>\n<li><strong>Pals<\/strong> (mardi matin)<\/li>\n<li><strong>Plage de Pals<\/strong> (samedi d&rsquo;\u00e9t\u00e9)<\/li>\n<li>Pals, <strong>brocante<\/strong> (samedi matin)<\/li>\n<li><strong>Palafrugell et L&rsquo;Escala<\/strong> (dimanche matin)<\/li>\n<li><strong>Begur<\/strong> (mercredi matin)<\/li>\n<li><strong>Torroella de Montgr\u00ed<\/strong> (lundi matin)<\/li>\n<li><strong>Verges,<\/strong> MARCHE DES ANTIQUAIRES (dimanche matin) <br class=\"avia-permanent-lb\" \/><br class=\"avia-permanent-lb\" \/><br class=\"avia-permanent-lb\" \/><em><strong>PLUS DE MARCH\u00c9S :<\/strong><\/em><\/li>\n<li><a href=\"http:\/\/www.mercatsetmanal.cat\" target=\"_blank\" rel=\"noopener\">http:\/\/www.mercatsetmanal.cat<\/a><\/li>\n<li><a href=\"http:\/\/mercatsmonemporda.blogspot.com\" target=\"_blank\" rel=\"noopener\">http:\/\/mercatsmonemporda.blogspot.com<\/a><\/li>\n<\/ul>\n<\/li>\n<\/ul>\n<\/div><\/section><\/div><\/p>\n\n<style type=\"text\/css\" data-created_by=\"avia_inline_auto\" id=\"style-css-av-4m2ve-dcf5fec8feb8154cae86ef6e030218c9\">\n.flex_column.av-4m2ve-dcf5fec8feb8154cae86ef6e030218c9{\nborder-radius:0px 0px 0px 0px;\npadding:0px 0px 0px 0px;\n}\n<\/style>\n<div  class='flex_column av-4m2ve-dcf5fec8feb8154cae86ef6e030218c9 av_one_third  avia-builder-el-31  el_after_av_two_third  el_before_av_hr  flex_column_div av-zero-column-padding  column-top-margin'     ><p>\n<style type=\"text\/css\" data-created_by=\"avia_inline_auto\" id=\"style-css-av-k9x8j7jn-7c9ceca5b43bd5ca29063c60b03e5e99\">\n#top .hr.hr-invisible.av-k9x8j7jn-7c9ceca5b43bd5ca29063c60b03e5e99{\nheight:20px;\n}\n<\/style>\n<div  class='hr av-k9x8j7jn-7c9ceca5b43bd5ca29063c60b03e5e99 hr-invisible  avia-builder-el-32  el_before_av_hr  avia-builder-el-first '><span class='hr-inner '><span class=\"hr-inner-style\"><\/span><\/span><\/div><br \/>\n\n<style type=\"text\/css\" data-created_by=\"avia_inline_auto\" id=\"style-css-av-14ajy-2eb0950a1edf492446d41381a15daa74\">\n#top .hr.hr-invisible.av-14ajy-2eb0950a1edf492446d41381a15daa74{\nheight:10px;\n}\n<\/style>\n<div  class='hr av-14ajy-2eb0950a1edf492446d41381a15daa74 hr-invisible  avia-builder-el-33  el_after_av_hr  el_before_av_hr '><span class='hr-inner '><span class=\"hr-inner-style\"><\/span><\/span><\/div><br \/>\n\n<style type=\"text\/css\" data-created_by=\"avia_inline_auto\" id=\"style-css-av-14ajy-2eb0950a1edf492446d41381a15daa74\">\n#top .hr.hr-invisible.av-14ajy-2eb0950a1edf492446d41381a15daa74{\nheight:10px;\n}\n<\/style>\n<div  class='hr av-14ajy-2eb0950a1edf492446d41381a15daa74 hr-invisible  avia-builder-el-34  el_after_av_hr  el_before_av_gallery '><span class='hr-inner '><span class=\"hr-inner-style\"><\/span><\/span><\/div><br \/>\n\n<style type=\"text\/css\" data-created_by=\"avia_inline_auto\" id=\"style-css-av-1raby-527aab224ea303ab6e311e318164c510\">\n#top .avia-gallery.av-1raby-527aab224ea303ab6e311e318164c510 .avia-gallery-thumb a{\nwidth:33.3333%;\n}\n<\/style>\n<div  class='avia-gallery av-1raby-527aab224ea303ab6e311e318164c510 avia_animate_when_visible  avia-builder-el-35  el_after_av_hr  avia-builder-el-last  deactivate_avia_lazyload avia-gallery-animate avia-gallery-5'  itemprop=\"image\" itemscope=\"itemscope\" itemtype=\"https:\/\/schema.org\/ImageObject\" ><meta itemprop=\"contentURL\" content=\"https:\/\/www.masferranpals.com\/fr\/activites\/\"><div class='avia-gallery-thumb'><a href=\"https:\/\/www.masferranpals.com\/wp-content\/uploads\/2018\/05\/clases-de-quesos.jpg\" data-srcset=\"https:\/\/www.masferranpals.com\/wp-content\/uploads\/2018\/05\/clases-de-quesos.jpg 640w, https:\/\/www.masferranpals.com\/wp-content\/uploads\/2018\/05\/clases-de-quesos-300x150.jpg 300w, https:\/\/www.masferranpals.com\/wp-content\/uploads\/2018\/05\/clases-de-quesos-450x225.jpg 450w\" data-sizes=\"(max-width: 640px) 100vw, 640px\" data-rel='gallery-5' data-prev-img='https:\/\/www.masferranpals.com\/wp-content\/uploads\/2018\/05\/clases-de-quesos-495x320.jpg' class='first_thumb lightbox ' data-onclick='1' title='Mercat de Formatges'  itemprop=\"thumbnailUrl\"  ><img decoding=\"async\" fetchpriority=\"high\" class=\"wp-image-4106 avia-img-lazy-loading-not-4106\"  data-avia-tooltip='Mercat de Formatges' src=\"https:\/\/www.masferranpals.com\/wp-content\/uploads\/2018\/05\/clases-de-quesos-260x185.jpg\" width=\"260\" height=\"185\"  title='Mercat de Formatges' alt='' srcset=\"https:\/\/www.masferranpals.com\/wp-content\/uploads\/2018\/05\/clases-de-quesos-260x185.jpg 260w, https:\/\/www.masferranpals.com\/wp-content\/uploads\/2018\/05\/clases-de-quesos-450x320.jpg 450w\" sizes=\"(max-width: 260px) 100vw, 260px\" \/><div class='big-prev-fake'><img decoding=\"async\" loading=\"lazy\" class=\"wp-image-4106 avia-img-lazy-loading-4106\"  width=\"495\" height=\"320\" src=\"https:\/\/www.masferranpals.com\/wp-content\/uploads\/2018\/05\/clases-de-quesos-495x320.jpg\" title='Mercat de Formatges' alt='' \/><\/div><\/a><a href=\"https:\/\/www.masferranpals.com\/wp-content\/uploads\/2020\/05\/MercatAntiguitats02-1030x686.jpg\" data-srcset=\"https:\/\/www.masferranpals.com\/wp-content\/uploads\/2020\/05\/MercatAntiguitats02-1030x686.jpg 1030w, https:\/\/www.masferranpals.com\/wp-content\/uploads\/2020\/05\/MercatAntiguitats02-300x200.jpg 300w, https:\/\/www.masferranpals.com\/wp-content\/uploads\/2020\/05\/MercatAntiguitats02-768x512.jpg 768w, https:\/\/www.masferranpals.com\/wp-content\/uploads\/2020\/05\/MercatAntiguitats02-1536x1023.jpg 1536w, https:\/\/www.masferranpals.com\/wp-content\/uploads\/2020\/05\/MercatAntiguitats02-scaled.jpg 1500w, https:\/\/www.masferranpals.com\/wp-content\/uploads\/2020\/05\/MercatAntiguitats02-705x470.jpg 705w\" data-sizes=\"(max-width: 1030px) 100vw, 1030px\" data-rel='gallery-5' data-prev-img='https:\/\/www.masferranpals.com\/wp-content\/uploads\/2020\/05\/MercatAntiguitats02-495x400.jpg' class='lightbox ' data-onclick='2' title='Mercat Antiguitats'  itemprop=\"thumbnailUrl\"  ><img decoding=\"async\" fetchpriority=\"high\" class=\"wp-image-7029 avia-img-lazy-loading-not-7029\"  data-avia-tooltip='Mercat Antiguitats' src=\"https:\/\/www.masferranpals.com\/wp-content\/uploads\/2020\/05\/MercatAntiguitats02-260x185.jpg\" width=\"260\" height=\"185\"  title='Mercat Antiguitats' alt='' \/><div class='big-prev-fake'><img decoding=\"async\" loading=\"lazy\" class=\"wp-image-7029 avia-img-lazy-loading-7029\"  width=\"495\" height=\"400\" src=\"https:\/\/www.masferranpals.com\/wp-content\/uploads\/2020\/05\/MercatAntiguitats02-495x400.jpg\" title='Mercat Antiguitats' alt='' srcset=\"https:\/\/www.masferranpals.com\/wp-content\/uploads\/2020\/05\/MercatAntiguitats02-495x400.jpg 495w, https:\/\/www.masferranpals.com\/wp-content\/uploads\/2020\/05\/MercatAntiguitats02-845x684.jpg 845w\" sizes=\"auto, (max-width: 495px) 100vw, 495px\" \/><\/div><\/a><a href=\"https:\/\/www.masferranpals.com\/wp-content\/uploads\/2018\/05\/kinds-of-olives_orig-1.jpg\" data-srcset=\"https:\/\/www.masferranpals.com\/wp-content\/uploads\/2018\/05\/kinds-of-olives_orig-1.jpg 570w, https:\/\/www.masferranpals.com\/wp-content\/uploads\/2018\/05\/kinds-of-olives_orig-1-300x199.jpg 300w, https:\/\/www.masferranpals.com\/wp-content\/uploads\/2018\/05\/kinds-of-olives_orig-1-450x299.jpg 450w\" data-sizes=\"(max-width: 570px) 100vw, 570px\" data-rel='gallery-5' data-prev-img='https:\/\/www.masferranpals.com\/wp-content\/uploads\/2018\/05\/kinds-of-olives_orig-1-495x379.jpg' class='lightbox ' data-onclick='3' title='Mercat d&rsquo;Olives'  itemprop=\"thumbnailUrl\"  ><img decoding=\"async\" fetchpriority=\"high\" class=\"wp-image-4103 avia-img-lazy-loading-not-4103\"  data-avia-tooltip='Mercat d&rsquo;Olives' src=\"https:\/\/www.masferranpals.com\/wp-content\/uploads\/2018\/05\/kinds-of-olives_orig-1-260x185.jpg\" width=\"260\" height=\"185\"  title='Mercat d&#039;olives' alt='' \/><div class='big-prev-fake'><img decoding=\"async\" loading=\"lazy\" class=\"wp-image-4103 avia-img-lazy-loading-4103\"  width=\"495\" height=\"379\" src=\"https:\/\/www.masferranpals.com\/wp-content\/uploads\/2018\/05\/kinds-of-olives_orig-1-495x379.jpg\" title='Mercat d&#039;olives' alt='' \/><\/div><\/a><a href=\"https:\/\/www.masferranpals.com\/wp-content\/uploads\/2018\/05\/1_slide1.jpg\" data-srcset=\"https:\/\/www.masferranpals.com\/wp-content\/uploads\/2018\/05\/1_slide1.jpg 630w, https:\/\/www.masferranpals.com\/wp-content\/uploads\/2018\/05\/1_slide1-300x225.jpg 300w, https:\/\/www.masferranpals.com\/wp-content\/uploads\/2018\/05\/1_slide1-450x338.jpg 450w\" data-sizes=\"(max-width: 630px) 100vw, 630px\" data-rel='gallery-5' data-prev-img='https:\/\/www.masferranpals.com\/wp-content\/uploads\/2018\/05\/1_slide1-495x400.jpg' class='first_thumb lightbox ' data-onclick='4' title='Fruits secs'  itemprop=\"thumbnailUrl\"  ><img decoding=\"async\" fetchpriority=\"high\" class=\"wp-image-6565 avia-img-lazy-loading-not-6565\"  data-avia-tooltip='Fruits secs' src=\"https:\/\/www.masferranpals.com\/wp-content\/uploads\/2018\/05\/1_slide1-260x185.jpg\" width=\"260\" height=\"185\"  title='Fruits secs' alt='' \/><div class='big-prev-fake'><img decoding=\"async\" loading=\"lazy\" class=\"wp-image-6565 avia-img-lazy-loading-6565\"  width=\"495\" height=\"400\" src=\"https:\/\/www.masferranpals.com\/wp-content\/uploads\/2018\/05\/1_slide1-495x400.jpg\" title='Fruits secs' alt='' \/><\/div><\/a><a href=\"https:\/\/www.masferranpals.com\/wp-content\/uploads\/2020\/05\/Fira-antiguitats-Festa-Major-Molins-Rei-2018-6-1021x681-1.jpg\" data-srcset=\"https:\/\/www.masferranpals.com\/wp-content\/uploads\/2020\/05\/Fira-antiguitats-Festa-Major-Molins-Rei-2018-6-1021x681-1.jpg 1021w, https:\/\/www.masferranpals.com\/wp-content\/uploads\/2020\/05\/Fira-antiguitats-Festa-Major-Molins-Rei-2018-6-1021x681-1-300x200.jpg 300w, https:\/\/www.masferranpals.com\/wp-content\/uploads\/2020\/05\/Fira-antiguitats-Festa-Major-Molins-Rei-2018-6-1021x681-1-768x512.jpg 768w, https:\/\/www.masferranpals.com\/wp-content\/uploads\/2020\/05\/Fira-antiguitats-Festa-Major-Molins-Rei-2018-6-1021x681-1-705x470.jpg 705w\" data-sizes=\"(max-width: 1021px) 100vw, 1021px\" data-rel='gallery-5' data-prev-img='https:\/\/www.masferranpals.com\/wp-content\/uploads\/2020\/05\/Fira-antiguitats-Festa-Major-Molins-Rei-2018-6-1021x681-1-495x400.jpg' class='lightbox ' data-onclick='5' title='Mercat Antiguitats'  itemprop=\"thumbnailUrl\"  ><img decoding=\"async\" fetchpriority=\"high\" class=\"wp-image-7021 avia-img-lazy-loading-not-7021\"  data-avia-tooltip='Mercat Antiguitats' src=\"https:\/\/www.masferranpals.com\/wp-content\/uploads\/2020\/05\/Fira-antiguitats-Festa-Major-Molins-Rei-2018-6-1021x681-1-260x185.jpg\" width=\"260\" height=\"185\"  title='Mercat Antiguitats' alt='' \/><div class='big-prev-fake'><img decoding=\"async\" loading=\"lazy\" class=\"wp-image-7021 avia-img-lazy-loading-7021\"  width=\"495\" height=\"400\" src=\"https:\/\/www.masferranpals.com\/wp-content\/uploads\/2020\/05\/Fira-antiguitats-Festa-Major-Molins-Rei-2018-6-1021x681-1-495x400.jpg\" title='Mercat Antiguitats' alt='' srcset=\"https:\/\/www.masferranpals.com\/wp-content\/uploads\/2020\/05\/Fira-antiguitats-Festa-Major-Molins-Rei-2018-6-1021x681-1-495x400.jpg 495w, https:\/\/www.masferranpals.com\/wp-content\/uploads\/2020\/05\/Fira-antiguitats-Festa-Major-Molins-Rei-2018-6-1021x681-1-845x681.jpg 845w\" sizes=\"auto, (max-width: 495px) 100vw, 495px\" \/><\/div><\/a><a href=\"https:\/\/www.masferranpals.com\/wp-content\/uploads\/2018\/05\/Alimentos-ecol\u00f3gicos-Think-Blue.jpg\" data-srcset=\"https:\/\/www.masferranpals.com\/wp-content\/uploads\/2018\/05\/Alimentos-ecol\u00f3gicos-Think-Blue.jpg 1000w, https:\/\/www.masferranpals.com\/wp-content\/uploads\/2018\/05\/Alimentos-ecol\u00f3gicos-Think-Blue-300x200.jpg 300w, https:\/\/www.masferranpals.com\/wp-content\/uploads\/2018\/05\/Alimentos-ecol\u00f3gicos-Think-Blue-768x512.jpg 768w, https:\/\/www.masferranpals.com\/wp-content\/uploads\/2018\/05\/Alimentos-ecol\u00f3gicos-Think-Blue-705x470.jpg 705w, https:\/\/www.masferranpals.com\/wp-content\/uploads\/2018\/05\/Alimentos-ecol\u00f3gicos-Think-Blue-450x300.jpg 450w\" data-sizes=\"(max-width: 1000px) 100vw, 1000px\" data-rel='gallery-5' data-prev-img='https:\/\/www.masferranpals.com\/wp-content\/uploads\/2018\/05\/Alimentos-ecol\u00f3gicos-Think-Blue-495x400.jpg' class='lightbox ' data-onclick='6' title='Productes organics'  itemprop=\"thumbnailUrl\"  ><img decoding=\"async\" fetchpriority=\"high\" class=\"wp-image-6559 avia-img-lazy-loading-not-6559\"  data-avia-tooltip='Productes organics' src=\"https:\/\/www.masferranpals.com\/wp-content\/uploads\/2018\/05\/Alimentos-ecol\u00f3gicos-Think-Blue-260x185.jpg\" width=\"260\" height=\"185\"  title='Productes organics' alt='' \/><div class='big-prev-fake'><img decoding=\"async\" loading=\"lazy\" class=\"wp-image-6559 avia-img-lazy-loading-6559\"  width=\"495\" height=\"400\" src=\"https:\/\/www.masferranpals.com\/wp-content\/uploads\/2018\/05\/Alimentos-ecol\u00f3gicos-Think-Blue-495x400.jpg\" title='Productes organics' alt='' \/><\/div><\/a><a href=\"https:\/\/www.masferranpals.com\/wp-content\/uploads\/2018\/05\/alimentos-ecologicos-si-no.jpg\" data-srcset=\"https:\/\/www.masferranpals.com\/wp-content\/uploads\/2018\/05\/alimentos-ecologicos-si-no.jpg 750w, https:\/\/www.masferranpals.com\/wp-content\/uploads\/2018\/05\/alimentos-ecologicos-si-no-300x186.jpg 300w, https:\/\/www.masferranpals.com\/wp-content\/uploads\/2018\/05\/alimentos-ecologicos-si-no-705x436.jpg 705w, https:\/\/www.masferranpals.com\/wp-content\/uploads\/2018\/05\/alimentos-ecologicos-si-no-450x278.jpg 450w\" data-sizes=\"(max-width: 750px) 100vw, 750px\" data-rel='gallery-5' data-prev-img='https:\/\/www.masferranpals.com\/wp-content\/uploads\/2018\/05\/alimentos-ecologicos-si-no-495x400.jpg' class='first_thumb lightbox ' data-onclick='7' title='Mercat Bio'  itemprop=\"thumbnailUrl\"  ><img decoding=\"async\" fetchpriority=\"high\" class=\"wp-image-6556 avia-img-lazy-loading-not-6556\"  data-avia-tooltip='Mercat Bio' src=\"https:\/\/www.masferranpals.com\/wp-content\/uploads\/2018\/05\/alimentos-ecologicos-si-no-260x185.jpg\" width=\"260\" height=\"185\"  title='Mercat Bio' alt='' \/><div class='big-prev-fake'><img decoding=\"async\" loading=\"lazy\" class=\"wp-image-6556 avia-img-lazy-loading-6556\"  width=\"495\" height=\"400\" src=\"https:\/\/www.masferranpals.com\/wp-content\/uploads\/2018\/05\/alimentos-ecologicos-si-no-495x400.jpg\" title='Mercat Bio' alt='' \/><\/div><\/a><a href=\"https:\/\/www.masferranpals.com\/wp-content\/uploads\/2020\/05\/84588723_552490902019155_2309851327621030158_n.jpg\" data-srcset=\"https:\/\/www.masferranpals.com\/wp-content\/uploads\/2020\/05\/84588723_552490902019155_2309851327621030158_n.jpg 640w, https:\/\/www.masferranpals.com\/wp-content\/uploads\/2020\/05\/84588723_552490902019155_2309851327621030158_n-300x300.jpg 300w, https:\/\/www.masferranpals.com\/wp-content\/uploads\/2020\/05\/84588723_552490902019155_2309851327621030158_n-80x80.jpg 80w, https:\/\/www.masferranpals.com\/wp-content\/uploads\/2020\/05\/84588723_552490902019155_2309851327621030158_n-36x36.jpg 36w, https:\/\/www.masferranpals.com\/wp-content\/uploads\/2020\/05\/84588723_552490902019155_2309851327621030158_n-180x180.jpg 180w\" data-sizes=\"(max-width: 640px) 100vw, 640px\" data-rel='gallery-5' data-prev-img='https:\/\/www.masferranpals.com\/wp-content\/uploads\/2020\/05\/84588723_552490902019155_2309851327621030158_n-495x400.jpg' class='lightbox ' data-onclick='8' title='Mercat Antiguitats'  itemprop=\"thumbnailUrl\"  ><img decoding=\"async\" fetchpriority=\"high\" class=\"wp-image-7013 avia-img-lazy-loading-not-7013\"  data-avia-tooltip='Mercat Antiguitats' src=\"https:\/\/www.masferranpals.com\/wp-content\/uploads\/2020\/05\/84588723_552490902019155_2309851327621030158_n-260x185.jpg\" width=\"260\" height=\"185\"  title='Mercat Antiguitats' alt='' \/><div class='big-prev-fake'><img decoding=\"async\" loading=\"lazy\" class=\"wp-image-7013 avia-img-lazy-loading-7013\"  width=\"495\" height=\"400\" src=\"https:\/\/www.masferranpals.com\/wp-content\/uploads\/2020\/05\/84588723_552490902019155_2309851327621030158_n-495x400.jpg\" title='Mercat Antiguitats' alt='' \/><\/div><\/a><a href=\"https:\/\/www.masferranpals.com\/wp-content\/uploads\/2018\/05\/Parada-de-flors.jpg\" data-srcset=\"https:\/\/www.masferranpals.com\/wp-content\/uploads\/2018\/05\/Parada-de-flors.jpg 600w, https:\/\/www.masferranpals.com\/wp-content\/uploads\/2018\/05\/Parada-de-flors-300x225.jpg 300w, https:\/\/www.masferranpals.com\/wp-content\/uploads\/2018\/05\/Parada-de-flors-450x338.jpg 450w\" data-sizes=\"(max-width: 600px) 100vw, 600px\" data-rel='gallery-5' data-prev-img='https:\/\/www.masferranpals.com\/wp-content\/uploads\/2018\/05\/Parada-de-flors-495x400.jpg' class='lightbox ' data-onclick='9' title='Mercat de Flors'  itemprop=\"thumbnailUrl\"  ><img decoding=\"async\" fetchpriority=\"high\" class=\"wp-image-6553 avia-img-lazy-loading-not-6553\"  data-avia-tooltip='Mercat de Flors' src=\"https:\/\/www.masferranpals.com\/wp-content\/uploads\/2018\/05\/Parada-de-flors-260x185.jpg\" width=\"260\" height=\"185\"  title='Mercat de flors' alt='' srcset=\"https:\/\/www.masferranpals.com\/wp-content\/uploads\/2018\/05\/Parada-de-flors-260x185.jpg 260w, https:\/\/www.masferranpals.com\/wp-content\/uploads\/2018\/05\/Parada-de-flors-600x430.jpg 600w\" sizes=\"(max-width: 260px) 100vw, 260px\" \/><div class='big-prev-fake'><img decoding=\"async\" loading=\"lazy\" class=\"wp-image-6553 avia-img-lazy-loading-6553\"  width=\"495\" height=\"400\" src=\"https:\/\/www.masferranpals.com\/wp-content\/uploads\/2018\/05\/Parada-de-flors-495x400.jpg\" title='Mercat de flors' alt='' \/><\/div><\/a><\/div><\/div><\/p><\/div>\n\n<style type=\"text\/css\" data-created_by=\"avia_inline_auto\" id=\"style-css-av-vq7y-2fda2960defa9e84952eb694da32a371\">\n#top .hr.hr-invisible.av-vq7y-2fda2960defa9e84952eb694da32a371{\nheight:50px;\n}\n<\/style>\n<div  class='hr av-vq7y-2fda2960defa9e84952eb694da32a371 hr-invisible  avia-builder-el-36  el_after_av_one_third  avia-builder-el-last '><span class='hr-inner '><span class=\"hr-inner-style\"><\/span><\/span><\/div>\n","protected":false},"excerpt":{"rendered":"<p>Pals , visites guid\u00e9es, routes litt\u00e9raires et en train \u00e0 travers les rizi\u00e8res http:\/\/www.visitpals.com\/es\/que-hacer\/visitas-guiadas\/ Ruines gr\u00e9co-romaines d&rsquo;Emp\u00faries http:\/\/www.macempuries.cat Poblat Ib\u00e9rique d&rsquo;Ullastret http:\/\/www.macullastret.cat Route des cit\u00e9s m\u00e9di\u00e9vales http:\/\/www.monestirs.cat\/monst\/baemp\/cbp00baem.htm Parcours Josep Pla, \u00e0 Palafrugell. http:\/\/www.fundaciojoseppla.cat Festival de musique de Torroella de Montgr\u00ed (juillet-ao\u00fbt) http:\/\/www.festivaldetorroella.cat\/ Festival du Cap Roig (juillet-ao\u00fbt) \/ Jardins du Cap Roig Calella de Palafrugell [&hellip;]<\/p>\n","protected":false},"author":4,"featured_media":0,"parent":0,"menu_order":0,"comment_status":"closed","ping_status":"closed","template":"","meta":{"footnotes":""},"class_list":["post-1324","page","type-page","status-publish","hentry"],"yoast_head":"<!-- This site is optimized with the Yoast SEO plugin v27.0 - https:\/\/yoast.com\/product\/yoast-seo-wordpress\/ -->\n<title>Activit\u00e9s - Cyclisme - Mas Ferran Pals<\/title>\n<meta name=\"robots\" content=\"index, follow, max-snippet:-1, max-image-preview:large, max-video-preview:-1\" \/>\n<link rel=\"canonical\" href=\"https:\/\/www.masferranpals.com\/fr\/activites\/\" \/>\n<meta property=\"og:locale\" content=\"fr_FR\" \/>\n<meta property=\"og:type\" content=\"article\" \/>\n<meta property=\"og:title\" content=\"Activit\u00e9s - Cyclisme - Mas Ferran Pals\" \/>\n<meta property=\"og:description\" content=\"Pals , visites guid\u00e9es, routes litt\u00e9raires et en train \u00e0 travers les rizi\u00e8res http:\/\/www.visitpals.com\/es\/que-hacer\/visitas-guiadas\/ Ruines gr\u00e9co-romaines d&rsquo;Emp\u00faries http:\/\/www.macempuries.cat Poblat Ib\u00e9rique d&rsquo;Ullastret http:\/\/www.macullastret.cat Route des cit\u00e9s m\u00e9di\u00e9vales http:\/\/www.monestirs.cat\/monst\/baemp\/cbp00baem.htm Parcours Josep Pla, \u00e0 Palafrugell. http:\/\/www.fundaciojoseppla.cat Festival de musique de Torroella de Montgr\u00ed (juillet-ao\u00fbt) http:\/\/www.festivaldetorroella.cat\/ Festival du Cap Roig (juillet-ao\u00fbt) \/ Jardins du Cap Roig Calella de Palafrugell [&hellip;]\" \/>\n<meta property=\"og:url\" content=\"https:\/\/www.masferranpals.com\/fr\/activites\/\" \/>\n<meta property=\"og:site_name\" content=\"Mas Ferran Pals\" \/>\n<meta property=\"article:modified_time\" content=\"2024-01-02T22:54:09+00:00\" \/>\n<meta name=\"twitter:card\" content=\"summary_large_image\" \/>\n<meta name=\"twitter:label1\" content=\"Dur\u00e9e de lecture estim\u00e9e\" \/>\n\t<meta name=\"twitter:data1\" content=\"6 minutes\" \/>\n<script type=\"application\/ld+json\" class=\"yoast-schema-graph\">{\"@context\":\"https:\/\/schema.org\",\"@graph\":[{\"@type\":\"WebPage\",\"@id\":\"https:\/\/www.masferranpals.com\/fr\/activites\/\",\"url\":\"https:\/\/www.masferranpals.com\/fr\/activites\/\",\"name\":\"Activit\u00e9s - Cyclisme - Mas Ferran Pals\",\"isPartOf\":{\"@id\":\"https:\/\/www.masferranpals.com\/fr\/#website\"},\"datePublished\":\"2018-06-07T07:48:42+00:00\",\"dateModified\":\"2024-01-02T22:54:09+00:00\",\"breadcrumb\":{\"@id\":\"https:\/\/www.masferranpals.com\/fr\/activites\/#breadcrumb\"},\"inLanguage\":\"fr-FR\",\"potentialAction\":[{\"@type\":\"ReadAction\",\"target\":[\"https:\/\/www.masferranpals.com\/fr\/activites\/\"]}]},{\"@type\":\"BreadcrumbList\",\"@id\":\"https:\/\/www.masferranpals.com\/fr\/activites\/#breadcrumb\",\"itemListElement\":[{\"@type\":\"ListItem\",\"position\":1,\"name\":\"Home\",\"item\":\"https:\/\/www.masferranpals.com\/fr\/\"},{\"@type\":\"ListItem\",\"position\":2,\"name\":\"Activit\u00e9s &#8211; Cyclisme\"}]},{\"@type\":\"WebSite\",\"@id\":\"https:\/\/www.masferranpals.com\/fr\/#website\",\"url\":\"https:\/\/www.masferranpals.com\/fr\/\",\"name\":\"Mas Ferran Pals\",\"description\":\"Habitacions en un espai privilegiat a l\u2019Empord\u00e0.\",\"potentialAction\":[{\"@type\":\"SearchAction\",\"target\":{\"@type\":\"EntryPoint\",\"urlTemplate\":\"https:\/\/www.masferranpals.com\/fr\/?s={search_term_string}\"},\"query-input\":{\"@type\":\"PropertyValueSpecification\",\"valueRequired\":true,\"valueName\":\"search_term_string\"}}],\"inLanguage\":\"fr-FR\"}]}<\/script>\n<!-- \/ Yoast SEO plugin. -->","yoast_head_json":{"title":"Activit\u00e9s - Cyclisme - Mas Ferran Pals","robots":{"index":"index","follow":"follow","max-snippet":"max-snippet:-1","max-image-preview":"max-image-preview:large","max-video-preview":"max-video-preview:-1"},"canonical":"https:\/\/www.masferranpals.com\/fr\/activites\/","og_locale":"fr_FR","og_type":"article","og_title":"Activit\u00e9s - Cyclisme - Mas Ferran Pals","og_description":"Pals , visites guid\u00e9es, routes litt\u00e9raires et en train \u00e0 travers les rizi\u00e8res http:\/\/www.visitpals.com\/es\/que-hacer\/visitas-guiadas\/ Ruines gr\u00e9co-romaines d&rsquo;Emp\u00faries http:\/\/www.macempuries.cat Poblat Ib\u00e9rique d&rsquo;Ullastret http:\/\/www.macullastret.cat Route des cit\u00e9s m\u00e9di\u00e9vales http:\/\/www.monestirs.cat\/monst\/baemp\/cbp00baem.htm Parcours Josep Pla, \u00e0 Palafrugell. http:\/\/www.fundaciojoseppla.cat Festival de musique de Torroella de Montgr\u00ed (juillet-ao\u00fbt) http:\/\/www.festivaldetorroella.cat\/ Festival du Cap Roig (juillet-ao\u00fbt) \/ Jardins du Cap Roig Calella de Palafrugell [&hellip;]","og_url":"https:\/\/www.masferranpals.com\/fr\/activites\/","og_site_name":"Mas Ferran Pals","article_modified_time":"2024-01-02T22:54:09+00:00","twitter_card":"summary_large_image","twitter_misc":{"Dur\u00e9e de lecture estim\u00e9e":"6 minutes"},"schema":{"@context":"https:\/\/schema.org","@graph":[{"@type":"WebPage","@id":"https:\/\/www.masferranpals.com\/fr\/activites\/","url":"https:\/\/www.masferranpals.com\/fr\/activites\/","name":"Activit\u00e9s - Cyclisme - Mas Ferran Pals","isPartOf":{"@id":"https:\/\/www.masferranpals.com\/fr\/#website"},"datePublished":"2018-06-07T07:48:42+00:00","dateModified":"2024-01-02T22:54:09+00:00","breadcrumb":{"@id":"https:\/\/www.masferranpals.com\/fr\/activites\/#breadcrumb"},"inLanguage":"fr-FR","potentialAction":[{"@type":"ReadAction","target":["https:\/\/www.masferranpals.com\/fr\/activites\/"]}]},{"@type":"BreadcrumbList","@id":"https:\/\/www.masferranpals.com\/fr\/activites\/#breadcrumb","itemListElement":[{"@type":"ListItem","position":1,"name":"Home","item":"https:\/\/www.masferranpals.com\/fr\/"},{"@type":"ListItem","position":2,"name":"Activit\u00e9s &#8211; Cyclisme"}]},{"@type":"WebSite","@id":"https:\/\/www.masferranpals.com\/fr\/#website","url":"https:\/\/www.masferranpals.com\/fr\/","name":"Mas Ferran Pals","description":"Habitacions en un espai privilegiat a l\u2019Empord\u00e0.","potentialAction":[{"@type":"SearchAction","target":{"@type":"EntryPoint","urlTemplate":"https:\/\/www.masferranpals.com\/fr\/?s={search_term_string}"},"query-input":{"@type":"PropertyValueSpecification","valueRequired":true,"valueName":"search_term_string"}}],"inLanguage":"fr-FR"}]}},"_links":{"self":[{"href":"https:\/\/www.masferranpals.com\/fr\/wp-json\/wp\/v2\/pages\/1324","targetHints":{"allow":["GET"]}}],"collection":[{"href":"https:\/\/www.masferranpals.com\/fr\/wp-json\/wp\/v2\/pages"}],"about":[{"href":"https:\/\/www.masferranpals.com\/fr\/wp-json\/wp\/v2\/types\/page"}],"author":[{"embeddable":true,"href":"https:\/\/www.masferranpals.com\/fr\/wp-json\/wp\/v2\/users\/4"}],"replies":[{"embeddable":true,"href":"https:\/\/www.masferranpals.com\/fr\/wp-json\/wp\/v2\/comments?post=1324"}],"version-history":[{"count":10,"href":"https:\/\/www.masferranpals.com\/fr\/wp-json\/wp\/v2\/pages\/1324\/revisions"}],"predecessor-version":[{"id":7813,"href":"https:\/\/www.masferranpals.com\/fr\/wp-json\/wp\/v2\/pages\/1324\/revisions\/7813"}],"wp:attachment":[{"href":"https:\/\/www.masferranpals.com\/fr\/wp-json\/wp\/v2\/media?parent=1324"}],"curies":[{"name":"wp","href":"https:\/\/api.w.org\/{rel}","templated":true}]}}