{"id":3390,"date":"2020-02-12T14:02:01","date_gmt":"2020-02-12T13:02:01","guid":{"rendered":"https:\/\/www.masferranpals.com\/?page_id=3390"},"modified":"2020-05-08T18:37:51","modified_gmt":"2020-05-08T17:37:51","slug":"jaciment-arqueologic-dempuries","status":"publish","type":"page","link":"https:\/\/www.masferranpals.com\/fr\/environnement\/jaciment-arqueologic-dempuries\/","title":{"rendered":"JACIMENT ARQUEOL\u00d2GIC D\u2019EMP\u00daRIES"},"content":{"rendered":"\n<style type=\"text\/css\" data-created_by=\"avia_inline_auto\" id=\"style-css-av-cctim-6bc23355add449a9ab9f1d61b3fc125f\">\n.flex_column.av-cctim-6bc23355add449a9ab9f1d61b3fc125f{\nborder-radius:0px 0px 0px 0px;\npadding:0px 0px 0px 0px;\n}\n<\/style>\n<div  class='flex_column av-cctim-6bc23355add449a9ab9f1d61b3fc125f av_one_full  avia-builder-el-0  el_before_av_one_half  avia-builder-el-first  first flex_column_div av-zero-column-padding  '     ><style type=\"text\/css\" data-created_by=\"avia_inline_auto\" id=\"style-css-av-k93bnzqy-5209b6a490d78c0c3196a94e42529072\">\n#top .av-special-heading.av-k93bnzqy-5209b6a490d78c0c3196a94e42529072{\npadding-bottom:5px;\n}\nbody .av-special-heading.av-k93bnzqy-5209b6a490d78c0c3196a94e42529072 .av-special-heading-tag .heading-char{\nfont-size:25px;\n}\n.av-special-heading.av-k93bnzqy-5209b6a490d78c0c3196a94e42529072 .av-subheading{\nfont-size:15px;\n}\n<\/style>\n<div  class='av-special-heading av-k93bnzqy-5209b6a490d78c0c3196a94e42529072 av-special-heading-h1  avia-builder-el-1  avia-builder-el-no-sibling  av-linked-heading'><h1 class='av-special-heading-tag '  itemprop=\"headline\"  >SITE ARCH\u00c9OLOGIQUE EMP\u00daRIES<\/h1><div class=\"special-heading-border\"><div class=\"special-heading-inner-border\"><\/div><\/div><\/div><\/div>\n\n<style type=\"text\/css\" data-created_by=\"avia_inline_auto\" id=\"style-css-av-1qp42-dd2f184ed8b74bf9d1baeb6ae2f44109\">\n.flex_column.av-1qp42-dd2f184ed8b74bf9d1baeb6ae2f44109{\nborder-radius:0px 0px 0px 0px;\npadding:0px 0px 0px 0px;\n}\n<\/style>\n<div  class='flex_column av-1qp42-dd2f184ed8b74bf9d1baeb6ae2f44109 av_one_half  avia-builder-el-2  el_after_av_one_full  el_before_av_one_half  first flex_column_div av-zero-column-padding  column-top-margin'     ><section  class='av_textblock_section av-asgcm-90f7fc53c1727e0ec304c8a74233f53d '   itemscope=\"itemscope\" itemtype=\"https:\/\/schema.org\/CreativeWork\" ><div class='avia_textblock'  itemprop=\"text\" ><p><strong>Porte d&rsquo;entr\u00e9e de la culture grecque et romaine dans la p\u00e9ninsule ib\u00e9rique,<\/strong> Emp\u00faries est un site exceptionnel, o\u00f9 les vestiges d&rsquo;une ville grecque, l&rsquo;enclave coloniale d&rsquo;Emporion, coexistent avec ceux d&rsquo;une ville romaine, l&rsquo;ancienne Emporiae, cr\u00e9\u00e9e au d\u00e9but de la 1er si\u00e8cle avant JC sur les structures d&rsquo;un ancien camp militaire romain.<\/p>\n<p>Le site d&rsquo;Emp\u00faries est situ\u00e9 sur la commune de L&rsquo;Escala, face \u00e0 la mer, au sud de la baie de Roses, et a \u00e9t\u00e9 class\u00e9 par l&rsquo;UNESCO comme l&rsquo;un des plus beaux du monde. Lors de la visite, vous pouvez marcher dans les rues des villes grecques et romaines, vous d\u00e9lecter des mosa\u00efques qui d\u00e9coraient les \u00e9tages des maisons ais\u00e9es ou faire un v\u0153u au dieu Esculape, qui veillait sur la sant\u00e9 des Emporitans.<\/p>\n<p>Un petit mus\u00e9e pr\u00e9sente une s\u00e9lection des objets trouv\u00e9s lors des fouilles, t\u00e9moins de la vie en ville: jouets pour enfants, bijoux et objets personnels et m\u00e9nagers, tableaux &#8230;<\/p>\n<p>Chaque ann\u00e9e, de nouveaux tr\u00e9sors sont mis au jour et mis au jour qui aident \u00e0 construire le r\u00e9cit historique. <strong>Les restes que l&rsquo;on voit ont environ 2000 ans d&rsquo;histoire.<\/strong><\/p>\n<\/div><\/section><\/div>\n\n<style type=\"text\/css\" data-created_by=\"avia_inline_auto\" id=\"style-css-av-qj12-2f81ef96171b8e1f27e1205f17309016\">\n.flex_column.av-qj12-2f81ef96171b8e1f27e1205f17309016{\nborder-radius:0px 0px 0px 0px;\npadding:0px 0px 0px 0px;\n}\n<\/style>\n<div  class='flex_column av-qj12-2f81ef96171b8e1f27e1205f17309016 av_one_half  avia-builder-el-4  el_after_av_one_half  el_before_av_hr  flex_column_div av-zero-column-padding  column-top-margin'     ><p>\n<style type=\"text\/css\" data-created_by=\"avia_inline_auto\" id=\"style-css-av-k9yhftld-e519629f1a134e4aa2945a666f70b66a\">\n#top .hr.hr-invisible.av-k9yhftld-e519629f1a134e4aa2945a666f70b66a{\nheight:50px;\n}\n<\/style>\n<div  class='hr av-k9yhftld-e519629f1a134e4aa2945a666f70b66a hr-invisible  avia-builder-el-5  el_before_av_image  avia-builder-el-first '><span class='hr-inner '><span class=\"hr-inner-style\"><\/span><\/span><\/div><br \/>\n\n<style type=\"text\/css\" data-created_by=\"avia_inline_auto\" id=\"style-css-av-k6j0bfin-3ff92df2c7f85aa040d7d32ccf4deedb\">\n.avia-image-container.av-k6j0bfin-3ff92df2c7f85aa040d7d32ccf4deedb img.avia_image{\nbox-shadow:none;\n}\n.avia-image-container.av-k6j0bfin-3ff92df2c7f85aa040d7d32ccf4deedb .av-image-caption-overlay-center{\ncolor:#ffffff;\n}\n<\/style>\n<div  class='avia-image-container av-k6j0bfin-3ff92df2c7f85aa040d7d32ccf4deedb av-styling- avia-align-center  avia-builder-el-6  el_after_av_hr  avia-builder-el-last '   itemprop=\"image\" itemscope=\"itemscope\" itemtype=\"https:\/\/schema.org\/ImageObject\" ><div class=\"avia-image-container-inner\"><div class=\"avia-image-overlay-wrap\"><img decoding=\"async\" fetchpriority=\"high\" class='wp-image-3217 avia-img-lazy-loading-not-3217 avia_image ' src=\"https:\/\/www.masferranpals.com\/wp-content\/uploads\/2020\/02\/jaciment-arqueologic-empuries-495x363.jpg\" alt='Jaciment Arqueol\u00f2gic d&#039;Emp\u00faries' title='Jaciment Arqueol\u00f2gic d&#039;Emp\u00faries'  height=\"363\" width=\"495\"  itemprop=\"thumbnailUrl\"  \/><\/div><\/div><\/div><\/p><\/div>\n<style type=\"text\/css\" data-created_by=\"avia_inline_auto\" id=\"style-css-av-k6j1k2q5-d63a96bdad4b13fb63d951bfda99ddde\">\n#top .hr.hr-invisible.av-k6j1k2q5-d63a96bdad4b13fb63d951bfda99ddde{\nheight:50px;\n}\n<\/style>\n<div  class='hr av-k6j1k2q5-d63a96bdad4b13fb63d951bfda99ddde hr-invisible  avia-builder-el-7  el_after_av_one_half  el_before_av_one_half '><span class='hr-inner '><span class=\"hr-inner-style\"><\/span><\/span><\/div><\/p>\n\n<style type=\"text\/css\" data-created_by=\"avia_inline_auto\" id=\"style-css-av-1qp42-dd2f184ed8b74bf9d1baeb6ae2f44109\">\n.flex_column.av-1qp42-dd2f184ed8b74bf9d1baeb6ae2f44109{\nborder-radius:0px 0px 0px 0px;\npadding:0px 0px 0px 0px;\n}\n<\/style>\n<div  class='flex_column av-1qp42-dd2f184ed8b74bf9d1baeb6ae2f44109 av_one_half  avia-builder-el-8  el_after_av_hr  el_before_av_one_half  first flex_column_div av-zero-column-padding  '     ><section  class='av_textblock_section av-asgcm-90f7fc53c1727e0ec304c8a74233f53d '   itemscope=\"itemscope\" itemtype=\"https:\/\/schema.org\/CreativeWork\" ><div class='avia_textblock'  itemprop=\"text\" ><h2>Ville grecque<\/h2>\n<p>Au cours de la premi\u00e8re moiti\u00e9 du 6\u00e8me si\u00e8cle avant JC, les marchands grecs de Focea s&rsquo;\u00e9tablirent sur un petit promontoire strat\u00e9giquement situ\u00e9 \u00e0 l&rsquo;extr\u00e9mit\u00e9 sud du golfe de Roses, le Palaia Polis.<\/p>\n<p>Un promontoire, d&rsquo;ailleurs, d\u00e9j\u00e0 occup\u00e9 depuis le bronze final et le premier \u00e2ge du fer par une population indig\u00e8ne qui avait maintenu des contacts avec le commerce ph\u00e9nicien.<\/p>\n<p>Peu de temps apr\u00e8s la colonisation grecque \u00e0 Palaia Polis, les Emporitans ont cr\u00e9\u00e9 un nouveau noyau urbain imm\u00e9diatement au sud de la baie naturelle, garantissant le contr\u00f4le des installations portuaires. Cette nouvelle colonie, situ\u00e9e \u00e0 l&rsquo;est de l&rsquo;une des \u00e9l\u00e9vations qui se dressaient \u00e0 proximit\u00e9 des marais qui d\u00e9limitaient l&rsquo;ancien littoral est ce que l&rsquo;on conna\u00eet sous le nom de Ne\u00e1polis (nouvelle ville), un nom donn\u00e9 par J. Puig i Cadafalch.<\/p>\n<p>La ville grecque d&rsquo;Emporion, avec les noyaux de la Palaia Polis et de la Neapolis, a d\u00e9velopp\u00e9 son activit\u00e9 urbaine du 6\u00e8me si\u00e8cle avant JC \u00e0 la pr\u00e9sence romaine en 218 avant JC, lorsque le port Emporitan est utilis\u00e9 comme point d&rsquo;entr\u00e9e vers la p\u00e9ninsule pour les troupes romaines dans leur lutte contre l&rsquo;arm\u00e9e carthaginoise.<\/p>\n<\/div><\/section><\/div>\n\n<style type=\"text\/css\" data-created_by=\"avia_inline_auto\" id=\"style-css-av-1qp42-701d0dabf31b485ea9952e251f5e8858\">\n.flex_column.av-1qp42-701d0dabf31b485ea9952e251f5e8858{\nborder-radius:0px 0px 0px 0px;\npadding:0px 0px 0px 0px;\n}\n<\/style>\n<div  class='flex_column av-1qp42-701d0dabf31b485ea9952e251f5e8858 av_one_half  avia-builder-el-10  el_after_av_one_half  avia-builder-el-last  flex_column_div av-zero-column-padding  '     ><section  class='av_textblock_section av-asgcm-90f7fc53c1727e0ec304c8a74233f53d '   itemscope=\"itemscope\" itemtype=\"https:\/\/schema.org\/CreativeWork\" ><div class='avia_textblock'  itemprop=\"text\" ><h2>Ville romaine<\/h2>\n<p>En 195 avant JC, Marco Porcio Cat\u00f3n a install\u00e9 un camp militaire \u00e0 Emp\u00faries qui \u00e9tait l&#8217;embryon d&rsquo;une nouvelle ville, cr\u00e9\u00e9e au d\u00e9but du 1er si\u00e8cle avant JC. Au temps de l&#8217;empereur Auguste, les villes grecque et romaine \u00e9taient physiquement et l\u00e9galement unies sous le nom de Municipium Emporiae.<\/p>\n<p>Tandis que Gerunda (G\u00e9rone), Barcino (Barcelone), Tarraco (Tarragone) est devenu de plus en plus important, Emporiae l&rsquo;a progressivement perdu. Dans la seconde moiti\u00e9 du IIIe si\u00e8cle apr\u00e8s JC, toute la ville romaine et le secteur de Neapolis \u00e9taient d\u00e9j\u00e0 abandonn\u00e9s, et la population \u00e9tait concentr\u00e9e \u00e0 San Mart\u00ed d&rsquo;Empuries. Cette ville a \u00e9t\u00e9 le si\u00e8ge \u00e9piscopal pendant toute l&rsquo;Antiquit\u00e9 tardive et ses habitants ont utilis\u00e9 comme cimeti\u00e8re la zone nord de la Neapolis, o\u00f9 l&rsquo;on trouve les restes d&rsquo;une chapelle fun\u00e9raire.<\/p>\n<p>Apr\u00e8s l&rsquo;invasion arabe et la r\u00e9cup\u00e9ration de Frank (8\u00e8me si\u00e8cle), Emp\u00faries \u00e9tait la capitale du comt\u00e9 carolingien d&rsquo;Emp\u00faries et plus tard la capitale du comt\u00e9 m\u00e9di\u00e9val d&rsquo;Emp\u00faries jusqu&rsquo;au 11\u00e8me si\u00e8cle, lorsque le comte a d\u00e9plac\u00e9 la capitale \u00e0 Castell\u00f3. \u00c0 partir de ce moment, Emp\u00faries est devenu un petit noyau de p\u00eacheurs qui a fond\u00e9 la ville de L&rsquo;Escala au XVIe si\u00e8cle.<\/p>\n<\/div><\/section><\/div>\n","protected":false},"excerpt":{"rendered":"","protected":false},"author":4,"featured_media":0,"parent":3429,"menu_order":0,"comment_status":"closed","ping_status":"closed","template":"","meta":{"footnotes":""},"class_list":["post-3390","page","type-page","status-publish","hentry"],"yoast_head":"<!-- This site is optimized with the Yoast SEO plugin v27.0 - https:\/\/yoast.com\/product\/yoast-seo-wordpress\/ -->\n<title>JACIMENT ARQUEOL\u00d2GIC D\u2019EMP\u00daRIES - Mas Ferran Pals<\/title>\n<meta name=\"robots\" content=\"index, follow, max-snippet:-1, max-image-preview:large, max-video-preview:-1\" \/>\n<link rel=\"canonical\" href=\"https:\/\/www.masferranpals.com\/fr\/environnement\/jaciment-arqueologic-dempuries\/\" \/>\n<meta property=\"og:locale\" content=\"fr_FR\" \/>\n<meta property=\"og:type\" content=\"article\" \/>\n<meta property=\"og:title\" content=\"JACIMENT ARQUEOL\u00d2GIC D\u2019EMP\u00daRIES - Mas Ferran Pals\" \/>\n<meta property=\"og:url\" content=\"https:\/\/www.masferranpals.com\/fr\/environnement\/jaciment-arqueologic-dempuries\/\" \/>\n<meta property=\"og:site_name\" content=\"Mas Ferran Pals\" \/>\n<meta property=\"article:modified_time\" content=\"2020-05-08T17:37:51+00:00\" \/>\n<meta name=\"twitter:card\" content=\"summary_large_image\" \/>\n<meta name=\"twitter:label1\" content=\"Dur\u00e9e de lecture estim\u00e9e\" \/>\n\t<meta name=\"twitter:data1\" content=\"7 minutes\" \/>\n<script type=\"application\/ld+json\" class=\"yoast-schema-graph\">{\"@context\":\"https:\/\/schema.org\",\"@graph\":[{\"@type\":\"WebPage\",\"@id\":\"https:\/\/www.masferranpals.com\/fr\/environnement\/jaciment-arqueologic-dempuries\/\",\"url\":\"https:\/\/www.masferranpals.com\/fr\/environnement\/jaciment-arqueologic-dempuries\/\",\"name\":\"JACIMENT ARQUEOL\u00d2GIC D\u2019EMP\u00daRIES - Mas Ferran Pals\",\"isPartOf\":{\"@id\":\"https:\/\/www.masferranpals.com\/fr\/#website\"},\"datePublished\":\"2020-02-12T13:02:01+00:00\",\"dateModified\":\"2020-05-08T17:37:51+00:00\",\"breadcrumb\":{\"@id\":\"https:\/\/www.masferranpals.com\/fr\/environnement\/jaciment-arqueologic-dempuries\/#breadcrumb\"},\"inLanguage\":\"fr-FR\",\"potentialAction\":[{\"@type\":\"ReadAction\",\"target\":[\"https:\/\/www.masferranpals.com\/fr\/environnement\/jaciment-arqueologic-dempuries\/\"]}]},{\"@type\":\"BreadcrumbList\",\"@id\":\"https:\/\/www.masferranpals.com\/fr\/environnement\/jaciment-arqueologic-dempuries\/#breadcrumb\",\"itemListElement\":[{\"@type\":\"ListItem\",\"position\":1,\"name\":\"Home\",\"item\":\"https:\/\/www.masferranpals.com\/fr\/\"},{\"@type\":\"ListItem\",\"position\":2,\"name\":\"Environs &#8211; plages\",\"item\":\"https:\/\/www.masferranpals.com\/fr\/environnement\/\"},{\"@type\":\"ListItem\",\"position\":3,\"name\":\"JACIMENT ARQUEOL\u00d2GIC D\u2019EMP\u00daRIES\"}]},{\"@type\":\"WebSite\",\"@id\":\"https:\/\/www.masferranpals.com\/fr\/#website\",\"url\":\"https:\/\/www.masferranpals.com\/fr\/\",\"name\":\"Mas Ferran Pals\",\"description\":\"Habitacions en un espai privilegiat a l\u2019Empord\u00e0.\",\"potentialAction\":[{\"@type\":\"SearchAction\",\"target\":{\"@type\":\"EntryPoint\",\"urlTemplate\":\"https:\/\/www.masferranpals.com\/fr\/?s={search_term_string}\"},\"query-input\":{\"@type\":\"PropertyValueSpecification\",\"valueRequired\":true,\"valueName\":\"search_term_string\"}}],\"inLanguage\":\"fr-FR\"}]}<\/script>\n<!-- \/ Yoast SEO plugin. -->","yoast_head_json":{"title":"JACIMENT ARQUEOL\u00d2GIC D\u2019EMP\u00daRIES - Mas Ferran Pals","robots":{"index":"index","follow":"follow","max-snippet":"max-snippet:-1","max-image-preview":"max-image-preview:large","max-video-preview":"max-video-preview:-1"},"canonical":"https:\/\/www.masferranpals.com\/fr\/environnement\/jaciment-arqueologic-dempuries\/","og_locale":"fr_FR","og_type":"article","og_title":"JACIMENT ARQUEOL\u00d2GIC D\u2019EMP\u00daRIES - Mas Ferran Pals","og_url":"https:\/\/www.masferranpals.com\/fr\/environnement\/jaciment-arqueologic-dempuries\/","og_site_name":"Mas Ferran Pals","article_modified_time":"2020-05-08T17:37:51+00:00","twitter_card":"summary_large_image","twitter_misc":{"Dur\u00e9e de lecture estim\u00e9e":"7 minutes"},"schema":{"@context":"https:\/\/schema.org","@graph":[{"@type":"WebPage","@id":"https:\/\/www.masferranpals.com\/fr\/environnement\/jaciment-arqueologic-dempuries\/","url":"https:\/\/www.masferranpals.com\/fr\/environnement\/jaciment-arqueologic-dempuries\/","name":"JACIMENT ARQUEOL\u00d2GIC D\u2019EMP\u00daRIES - Mas Ferran Pals","isPartOf":{"@id":"https:\/\/www.masferranpals.com\/fr\/#website"},"datePublished":"2020-02-12T13:02:01+00:00","dateModified":"2020-05-08T17:37:51+00:00","breadcrumb":{"@id":"https:\/\/www.masferranpals.com\/fr\/environnement\/jaciment-arqueologic-dempuries\/#breadcrumb"},"inLanguage":"fr-FR","potentialAction":[{"@type":"ReadAction","target":["https:\/\/www.masferranpals.com\/fr\/environnement\/jaciment-arqueologic-dempuries\/"]}]},{"@type":"BreadcrumbList","@id":"https:\/\/www.masferranpals.com\/fr\/environnement\/jaciment-arqueologic-dempuries\/#breadcrumb","itemListElement":[{"@type":"ListItem","position":1,"name":"Home","item":"https:\/\/www.masferranpals.com\/fr\/"},{"@type":"ListItem","position":2,"name":"Environs &#8211; plages","item":"https:\/\/www.masferranpals.com\/fr\/environnement\/"},{"@type":"ListItem","position":3,"name":"JACIMENT ARQUEOL\u00d2GIC D\u2019EMP\u00daRIES"}]},{"@type":"WebSite","@id":"https:\/\/www.masferranpals.com\/fr\/#website","url":"https:\/\/www.masferranpals.com\/fr\/","name":"Mas Ferran Pals","description":"Habitacions en un espai privilegiat a l\u2019Empord\u00e0.","potentialAction":[{"@type":"SearchAction","target":{"@type":"EntryPoint","urlTemplate":"https:\/\/www.masferranpals.com\/fr\/?s={search_term_string}"},"query-input":{"@type":"PropertyValueSpecification","valueRequired":true,"valueName":"search_term_string"}}],"inLanguage":"fr-FR"}]}},"_links":{"self":[{"href":"https:\/\/www.masferranpals.com\/fr\/wp-json\/wp\/v2\/pages\/3390","targetHints":{"allow":["GET"]}}],"collection":[{"href":"https:\/\/www.masferranpals.com\/fr\/wp-json\/wp\/v2\/pages"}],"about":[{"href":"https:\/\/www.masferranpals.com\/fr\/wp-json\/wp\/v2\/types\/page"}],"author":[{"embeddable":true,"href":"https:\/\/www.masferranpals.com\/fr\/wp-json\/wp\/v2\/users\/4"}],"replies":[{"embeddable":true,"href":"https:\/\/www.masferranpals.com\/fr\/wp-json\/wp\/v2\/comments?post=3390"}],"version-history":[{"count":9,"href":"https:\/\/www.masferranpals.com\/fr\/wp-json\/wp\/v2\/pages\/3390\/revisions"}],"predecessor-version":[{"id":9893,"href":"https:\/\/www.masferranpals.com\/fr\/wp-json\/wp\/v2\/pages\/3390\/revisions\/9893"}],"up":[{"embeddable":true,"href":"https:\/\/www.masferranpals.com\/fr\/wp-json\/wp\/v2\/pages\/3429"}],"wp:attachment":[{"href":"https:\/\/www.masferranpals.com\/fr\/wp-json\/wp\/v2\/media?parent=3390"}],"curies":[{"name":"wp","href":"https:\/\/api.w.org\/{rel}","templated":true}]}}